{"id":9823,"date":"2025-11-12T21:09:25","date_gmt":"2025-11-12T20:09:25","guid":{"rendered":"https:\/\/ladernieredose.ca\/?page_id=9823"},"modified":"2025-12-10T02:01:05","modified_gmt":"2025-12-10T01:01:05","slug":"sante-mentale","status":"publish","type":"page","link":"https:\/\/ladernieredose.ca\/?page_id=9823","title":{"rendered":"Sant\u00e9 mentale"},"content":{"rendered":"<p>[et_pb_section fb_built=\u00a0\u00bb1&Prime; _builder_version=\u00a0\u00bb4.16&Prime; background_color_gradient_direction=\u00a0\u00bb135deg\u00a0\u00bb custom_padding=\u00a0\u00bb||6px|||\u00a0\u00bb global_colors_info=\u00a0\u00bb{}\u00a0\u00bb][et_pb_row _builder_version=\u00a0\u00bb4.16&Prime; background_size=\u00a0\u00bbinitial\u00a0\u00bb background_position=\u00a0\u00bbtop_left\u00a0\u00bb background_repeat=\u00a0\u00bbrepeat\u00a0\u00bb global_colors_info=\u00a0\u00bb{}\u00a0\u00bb][et_pb_column type=\u00a0\u00bb4_4&Prime; _builder_version=\u00a0\u00bb4.16&Prime; custom_padding=\u00a0\u00bb|||\u00a0\u00bb global_colors_info=\u00a0\u00bb{}\u00a0\u00bb custom_padding__hover=\u00a0\u00bb|||\u00a0\u00bb][et_pb_text _builder_version=\u00a0\u00bb4.27.4&Prime; header_2_font=\u00a0\u00bb|300|||||||\u00a0\u00bb header_2_text_align=\u00a0\u00bbcenter\u00a0\u00bb animation_style=\u00a0\u00bbslide\u00a0\u00bb animation_direction=\u00a0\u00bbleft\u00a0\u00bb global_colors_info=\u00a0\u00bb{}\u00a0\u00bb]<\/p>\n<h4 style=\"text-align: center;\">Sant\u00e9 mentale : ce qui reste dans l&rsquo;ombre<\/h4>\n<p>[\/et_pb_text][et_pb_divider color=\u00a0\u00bb#00c6ff\u00a0\u00bb divider_position=\u00a0\u00bbcenter\u00a0\u00bb divider_weight=\u00a0\u00bb6px\u00a0\u00bb _builder_version=\u00a0\u00bb4.16&Prime; max_width=\u00a0\u00bb20%\u00a0\u00bb module_alignment=\u00a0\u00bbcenter\u00a0\u00bb height=\u00a0\u00bb0px\u00a0\u00bb custom_margin=\u00a0\u00bb50px||60px|\u00a0\u00bb custom_padding=\u00a0\u00bb|||\u00a0\u00bb animation_style=\u00a0\u00bbslide\u00a0\u00bb animation_direction=\u00a0\u00bbright\u00a0\u00bb global_colors_info=\u00a0\u00bb{}\u00a0\u00bb]<\/p>\n<p>\u00a0<\/p>\n<p>[\/et_pb_divider][et_pb_text _builder_version=\u00a0\u00bb4.27.4&Prime; text_font=\u00a0\u00bb|700||on|||||\u00a0\u00bb text_font_size=\u00a0\u00bb15px\u00a0\u00bb custom_padding=\u00a0\u00bb|||25px\u00a0\u00bb animation_style=\u00a0\u00bbslide\u00a0\u00bb animation_direction=\u00a0\u00bbleft\u00a0\u00bb border_width_left=\u00a0\u00bb5px\u00a0\u00bb border_color_left=\u00a0\u00bb#0dbde0&Prime; global_colors_info=\u00a0\u00bb{}\u00a0\u00bb]<\/p>\n<p><span data-contrast=\"none\" xml:lang=\"FR-CA\" lang=\"FR-CA\" class=\"TextRun SCXW37348370 BCX8\"><span class=\"NormalTextRun SCXW37348370 BCX8\" data-ccp-parastyle=\"heading 3\">Comprendre les troubles mentaux<\/span><\/span><span class=\"EOP SCXW37348370 BCX8\" data-ccp-props=\"{&quot;134233117&quot;:false,&quot;134233118&quot;:false,&quot;134245418&quot;:true,&quot;134245529&quot;:true,&quot;335551550&quot;:0,&quot;335551620&quot;:0,&quot;335559738&quot;:281,&quot;335559739&quot;:281}\">\u00a0<\/span><\/p>\n<p>[\/et_pb_text][\/et_pb_column][\/et_pb_row][et_pb_row _builder_version=\u00a0\u00bb4.27.4&Prime; _module_preset=\u00a0\u00bbdefault\u00a0\u00bb global_colors_info=\u00a0\u00bb{}\u00a0\u00bb][et_pb_column type=\u00a0\u00bb4_4&Prime; _builder_version=\u00a0\u00bb4.27.4&Prime; _module_preset=\u00a0\u00bbdefault\u00a0\u00bb global_colors_info=\u00a0\u00bb{}\u00a0\u00bb][et_pb_text _builder_version=\u00a0\u00bb4.27.4&Prime; _module_preset=\u00a0\u00bbdefault\u00a0\u00bb text_font=\u00a0\u00bbInter Tight|300|||||||\u00a0\u00bb global_colors_info=\u00a0\u00bb{}\u00a0\u00bb]<\/p>\n<p data-start=\"504\" data-end=\"837\" style=\"text-align: justify;\">Un trouble mental regroupe diff\u00e9rentes difficult\u00e9s qui touchent la pens\u00e9e, les \u00e9motions ou le comportement. Ces difficult\u00e9s provoquent de la souffrance et nuisent au fonctionnement quotidien. Elles peuvent toucher toute personne, peu importe l\u2019\u00e2ge ou le sexe. Certaines durent peu de temps. D\u2019autres restent pr\u00e9sentes plus longtemps.<\/p>\n<p data-start=\"839\" data-end=\"1064\">Les troubles les plus fr\u00e9quents sont la d\u00e9pression, l\u2019anxi\u00e9t\u00e9, les phobies, les d\u00e9pendances, les troubles alimentaires, les troubles bipolaires, la schizophr\u00e9nie et les troubles de la personnalit\u00e9 comme le trouble borderline.<\/p>\n<p data-start=\"1066\" data-end=\"1296\">La sant\u00e9 mentale repr\u00e9sente votre capacit\u00e9 \u00e0 vous adapter, \u00e0 g\u00e9rer le stress et \u00e0 maintenir un \u00e9quilibre int\u00e9rieur. Quand cet \u00e9quilibre se brise et que les sympt\u00f4mes deviennent trop envahissants, on parle alors de maladie mentale.<\/p>\n<p data-start=\"1298\" data-end=\"1451\">Une grande partie des troubles commencent t\u00f4t dans la vie. Plusieurs apparaissent entre 15 et 25 ans, parfois de fa\u00e7on graduelle ou parfois soudainement.<\/p>\n<p>[\/et_pb_text][et_pb_text _builder_version=\u00a0\u00bb4.27.4&Prime; text_font=\u00a0\u00bb|700||on|||||\u00a0\u00bb text_font_size=\u00a0\u00bb15px\u00a0\u00bb custom_padding=\u00a0\u00bb|||25px\u00a0\u00bb animation_style=\u00a0\u00bbslide\u00a0\u00bb animation_direction=\u00a0\u00bbleft\u00a0\u00bb border_width_left=\u00a0\u00bb5px\u00a0\u00bb border_color_left=\u00a0\u00bb#0dbde0&Prime; global_colors_info=\u00a0\u00bb{}\u00a0\u00bb]<\/p>\n<p><span data-contrast=\"none\" xml:lang=\"FR-CA\" lang=\"FR-CA\" class=\"TextRun SCXW37348370 BCX8\"><span class=\"NormalTextRun SCXW37348370 BCX8\" data-ccp-parastyle=\"heading 3\">diff\u00e9rence entre sant\u00e9 mentale et maladie mentale<\/span><\/span><span class=\"EOP SCXW37348370 BCX8\" data-ccp-props=\"{&quot;134233117&quot;:false,&quot;134233118&quot;:false,&quot;134245418&quot;:true,&quot;134245529&quot;:true,&quot;335551550&quot;:0,&quot;335551620&quot;:0,&quot;335559738&quot;:281,&quot;335559739&quot;:281}\">\u00a0<\/span><\/p>\n<p>[\/et_pb_text][et_pb_text _builder_version=\u00a0\u00bb4.27.4&Prime; _module_preset=\u00a0\u00bbdefault\u00a0\u00bb text_font=\u00a0\u00bbInter Tight|300|||||||\u00a0\u00bb global_colors_info=\u00a0\u00bb{}\u00a0\u00bb]<\/p>\n<p data-start=\"294\" data-end=\"634\" style=\"text-align: justify;\">La sant\u00e9 mentale repr\u00e9sente votre capacit\u00e9 \u00e0 r\u00e9fl\u00e9chir clairement, \u00e0 g\u00e9rer vos \u00e9motions, \u00e0 entretenir des relations satisfaisantes et \u00e0 faire face aux d\u00e9fis de votre vie. Vous traversez des p\u00e9riodes stressantes, mais vous arrivez \u00e0 rester fonctionnel et \u00e0 retrouver votre \u00e9quilibre. Votre humeur varie, mais vous gardez un certain contr\u00f4le.<\/p>\n<p data-start=\"636\" data-end=\"1000\">La maladie mentale appara\u00eet lorsque cet \u00e9quilibre se brise. Les pens\u00e9es deviennent envahissantes, les \u00e9motions d\u00e9bordent, le comportement change et le fonctionnement quotidien se d\u00e9t\u00e9riore. La personne n\u2019arrive plus \u00e0 \u00e9tudier, \u00e0 travailler, \u00e0 socialiser ou \u00e0 prendre soin d\u2019elle comme avant. Les sympt\u00f4mes prennent de la place et limitent la capacit\u00e9 d\u2019adaptation.<\/p>\n<p data-start=\"1002\" data-end=\"1336\">Vous pouvez vivre une bonne sant\u00e9 mentale m\u00eame avec un diagnostic, si les sympt\u00f4mes sont bien g\u00e9r\u00e9s. \u00c0 l\u2019inverse, vous pouvez avoir une mauvaise sant\u00e9 mentale sans diagnostic formel, si le stress ou les \u00e9motions deviennent trop lourds. La diff\u00e9rence repose donc sur l\u2019intensit\u00e9, la fr\u00e9quence et les cons\u00e9quences sur le fonctionnement.<\/p>\n<p>[\/et_pb_text][\/et_pb_column][\/et_pb_row][et_pb_row column_structure=\u00a0\u00bb2_3,1_3&Prime; _builder_version=\u00a0\u00bb4.16&Prime; background_size=\u00a0\u00bbinitial\u00a0\u00bb background_position=\u00a0\u00bbtop_left\u00a0\u00bb background_repeat=\u00a0\u00bbrepeat\u00a0\u00bb global_colors_info=\u00a0\u00bb{}\u00a0\u00bb][et_pb_column type=\u00a0\u00bb2_3&Prime; _builder_version=\u00a0\u00bb4.16&Prime; custom_padding=\u00a0\u00bb|||\u00a0\u00bb global_colors_info=\u00a0\u00bb{}\u00a0\u00bb custom_padding__hover=\u00a0\u00bb|||\u00a0\u00bb][et_pb_text _builder_version=\u00a0\u00bb4.27.4&Prime; text_font=\u00a0\u00bb|700||on|||||\u00a0\u00bb text_font_size=\u00a0\u00bb15px\u00a0\u00bb custom_padding=\u00a0\u00bb|||25px\u00a0\u00bb animation_style=\u00a0\u00bbslide\u00a0\u00bb animation_direction=\u00a0\u00bbleft\u00a0\u00bb border_width_left=\u00a0\u00bb5px\u00a0\u00bb border_color_left=\u00a0\u00bb#0dbde0&Prime; global_colors_info=\u00a0\u00bb{}\u00a0\u00bb]<\/p>\n<p>le r\u00f4le de l&rsquo;alcool et des drogues<\/p>\n<p>[\/et_pb_text][et_pb_text _builder_version=\u00a0\u00bb4.27.4&Prime; text_font=\u00a0\u00bbInter Tight|300|||||||\u00a0\u00bb text_line_height=\u00a0\u00bb1.9em\u00a0\u00bb custom_padding=\u00a0\u00bb||0px|||\u00a0\u00bb animation_style=\u00a0\u00bbslide\u00a0\u00bb animation_direction=\u00a0\u00bbleft\u00a0\u00bb global_colors_info=\u00a0\u00bb{}\u00a0\u00bb]<\/p>\n<p data-start=\"1896\" data-end=\"2234\">Certaines personnes consomment pour calmer l\u2019angoisse, fuir la d\u00e9tresse ou tenter de g\u00e9rer des sympt\u00f4mes difficiles. L\u2019alcool et les drogues peuvent soulager sur le moment, mais aggravent souvent l\u2019\u00e9tat g\u00e9n\u00e9ral. Le cannabis peut nuire \u00e0 l\u2019effet des m\u00e9dicaments. L\u2019alcool peut accentuer la d\u00e9pression ou provoquer des r\u00e9actions agressives.<\/p>\n<p data-start=\"2236\" data-end=\"2311\"><span style=\"color: #d100aa;\"><em>Quand la maladie se stabilise, plusieurs voient leur consommation diminuer.<\/em><\/span><\/p>\n<p>[\/et_pb_text][\/et_pb_column][et_pb_column type=\u00a0\u00bb1_3&Prime; _builder_version=\u00a0\u00bb4.16&Prime; background_color=\u00a0\u00bb#ededed\u00a0\u00bb custom_padding=\u00a0\u00bb||20px|20px\u00a0\u00bb global_colors_info=\u00a0\u00bb{}\u00a0\u00bb custom_padding__hover=\u00a0\u00bb|||\u00a0\u00bb][et_pb_image src=\u00a0\u00bbhttps:\/\/ladernieredose.ca\/wp-content\/uploads\/2025\/11\/matteo-badini-kb1pUCGIHMw-unsplash-1-scaled-1.jpg\u00a0\u00bb title_text=\u00a0\u00bbmatteo-badini-kb1pUCGIHMw-unsplash-1-scaled-1&Prime; align_tablet=\u00a0\u00bbcenter\u00a0\u00bb align_phone=\u00a0\u00bb\u00a0\u00bb align_last_edited=\u00a0\u00bbon|desktop\u00a0\u00bb _builder_version=\u00a0\u00bb4.27.4&Prime; height=\u00a0\u00bb260px\u00a0\u00bb custom_margin=\u00a0\u00bb-20px|-20px||\u00a0\u00bb custom_padding=\u00a0\u00bb|||\u00a0\u00bb animation_style=\u00a0\u00bbzoom\u00a0\u00bb box_shadow_style=\u00a0\u00bbpreset1&Prime; box_shadow_vertical=\u00a0\u00bb10px\u00a0\u00bb box_shadow_blur=\u00a0\u00bb40px\u00a0\u00bb box_shadow_color=\u00a0\u00bbrgba(0,0,0,0.25)\u00a0\u00bb global_colors_info=\u00a0\u00bb{}\u00a0\u00bb]<\/p>\n<p>\u00a0<\/p>\n<p>[\/et_pb_image][\/et_pb_column][\/et_pb_row][\/et_pb_section][et_pb_section fb_built=\u00a0\u00bb1&Prime; _builder_version=\u00a0\u00bb4.16&Prime; background_color_gradient_direction=\u00a0\u00bb135deg\u00a0\u00bb global_colors_info=\u00a0\u00bb{}\u00a0\u00bb][et_pb_row _builder_version=\u00a0\u00bb4.27.4&Prime; _module_preset=\u00a0\u00bbdefault\u00a0\u00bb global_colors_info=\u00a0\u00bb{}\u00a0\u00bb][et_pb_column type=\u00a0\u00bb4_4&Prime; _builder_version=\u00a0\u00bb4.27.4&Prime; _module_preset=\u00a0\u00bbdefault\u00a0\u00bb global_colors_info=\u00a0\u00bb{}\u00a0\u00bb][et_pb_text _builder_version=\u00a0\u00bb4.27.4&Prime; text_font=\u00a0\u00bb|700||on|||||\u00a0\u00bb text_font_size=\u00a0\u00bb15px\u00a0\u00bb custom_padding=\u00a0\u00bb|||25px\u00a0\u00bb animation_style=\u00a0\u00bbslide\u00a0\u00bb animation_direction=\u00a0\u00bbleft\u00a0\u00bb border_width_left=\u00a0\u00bb5px\u00a0\u00bb border_color_left=\u00a0\u00bb#0dbde0&Prime; global_colors_info=\u00a0\u00bb{}\u00a0\u00bb]<\/p>\n<p>Les causes possibles des troubles mentaux<\/p>\n<p>[\/et_pb_text][et_pb_text _builder_version=\u00a0\u00bb4.27.4&Prime; _module_preset=\u00a0\u00bbdefault\u00a0\u00bb text_font=\u00a0\u00bbInter Tight|300|||||||\u00a0\u00bb global_colors_info=\u00a0\u00bb{}\u00a0\u00bb]<\/p>\n<p data-start=\"1389\" data-end=\"1618\" style=\"text-align: justify;\">Les troubles mentaux n\u2019ont pas une seule cause. Ils r\u00e9sultent d\u2019un ensemble de facteurs qui interagissent. Chez certains, la vuln\u00e9rabilit\u00e9 est pr\u00e9sente t\u00f4t. Chez d\u2019autres, les difficult\u00e9s apparaissent apr\u00e8s un \u00e9v\u00e9nement marquant.<\/p>\n<p data-start=\"1620\" data-end=\"1781\"><strong data-start=\"1620\" data-end=\"1644\">Facteurs biologiques<\/strong><br data-start=\"1644\" data-end=\"1647\" \/>Pr\u00e9dispositions familiales, fonctionnement du cerveau, d\u00e9r\u00e8glements hormonaux, complications \u00e0 la naissance, infections neurologiques.<\/p>\n<p data-start=\"1783\" data-end=\"1949\"><strong data-start=\"1783\" data-end=\"1810\">Facteurs psychologiques<\/strong><br data-start=\"1810\" data-end=\"1813\" \/>Traumas, stress chronique, faible estime de soi, difficult\u00e9s d\u2019attachement dans l\u2019enfance, comp\u00e9tences limit\u00e9es pour g\u00e9rer les \u00e9motions.<\/p>\n<p data-start=\"1951\" data-end=\"2108\"><strong data-start=\"1951\" data-end=\"1971\">Facteurs sociaux<\/strong><br data-start=\"1971\" data-end=\"1974\" \/>Isolement, harc\u00e8lement, pauvret\u00e9, pr\u00e9carit\u00e9, discrimination, conflits familiaux, surcharge de responsabilit\u00e9s, environnement instable.<\/p>\n<p data-start=\"2110\" data-end=\"2254\"><strong data-start=\"2110\" data-end=\"2142\">Facteurs li\u00e9s au mode de vie<\/strong><br data-start=\"2142\" data-end=\"2145\" \/>Privation de sommeil, consommation d\u2019alcool ou de drogues, mauvaise alimentation, manque d\u2019activit\u00e9 physique.<\/p>\n<p data-start=\"2256\" data-end=\"2499\">Chaque personne poss\u00e8de un seuil de vuln\u00e9rabilit\u00e9 diff\u00e9rent. Deux individus expos\u00e9s \u00e0 la m\u00eame situation ne r\u00e9agiront pas de la m\u00eame mani\u00e8re. La maladie se d\u00e9veloppe lorsque plusieurs facteurs se combinent et d\u00e9passent la capacit\u00e9 d\u2019adaptation.<\/p>\n<p>[\/et_pb_text][\/et_pb_column][\/et_pb_row][\/et_pb_section][et_pb_section fb_built=\u00a0\u00bb1&Prime; specialty=\u00a0\u00bbon\u00a0\u00bb _builder_version=\u00a0\u00bb4.27.4&Prime; _module_preset=\u00a0\u00bbdefault\u00a0\u00bb custom_padding=\u00a0\u00bb3px||2px|||\u00a0\u00bb hover_enabled=\u00a0\u00bb0&Prime; global_colors_info=\u00a0\u00bb{}\u00a0\u00bb alt=\u00a0\u00bbpurple flower petal\u00a0\u00bb title_text=\u00a0\u00bbPhoto by Dominik Scythe\u00a0\u00bb background_image=\u00a0\u00bbhttps:\/\/ladernieredose.ca\/wp-content\/uploads\/2025\/12\/oasarkdsg1e.jpg\u00a0\u00bb sticky_enabled=\u00a0\u00bb0&Prime;][et_pb_column type=\u00a0\u00bb1_2&Prime; specialty_columns=\u00a0\u00bb2&Prime; _builder_version=\u00a0\u00bb4.16&Prime; custom_padding=\u00a0\u00bb|||\u00a0\u00bb global_colors_info=\u00a0\u00bb{}\u00a0\u00bb custom_padding__hover=\u00a0\u00bb|||\u00a0\u00bb][et_pb_row_inner _builder_version=\u00a0\u00bb4.27.4&Prime; _module_preset=\u00a0\u00bbdefault\u00a0\u00bb global_colors_info=\u00a0\u00bb{}\u00a0\u00bb][et_pb_column_inner saved_specialty_column_type=\u00a0\u00bb1_2&Prime; _builder_version=\u00a0\u00bb4.27.4&Prime; _module_preset=\u00a0\u00bbdefault\u00a0\u00bb global_colors_info=\u00a0\u00bb{}\u00a0\u00bb][et_pb_text _builder_version=\u00a0\u00bb4.27.4&Prime; text_font=\u00a0\u00bb|700||on|||||\u00a0\u00bb text_font_size=\u00a0\u00bb15px\u00a0\u00bb custom_padding=\u00a0\u00bb|||25px\u00a0\u00bb animation_style=\u00a0\u00bbslide\u00a0\u00bb animation_direction=\u00a0\u00bbleft\u00a0\u00bb hover_enabled=\u00a0\u00bb0&Prime; border_width_left=\u00a0\u00bb5px\u00a0\u00bb border_color_left=\u00a0\u00bb#0dbde0&Prime; global_colors_info=\u00a0\u00bb{}\u00a0\u00bb sticky_enabled=\u00a0\u00bb0&Prime;]<\/p>\n<p><span style=\"color: #ffffff;\">les sympt\u00f4mes g\u00e9n\u00e9raux \u00e0 surveiller<\/span><\/p>\n<p>[\/et_pb_text][et_pb_text _builder_version=\u00a0\u00bb4.27.4&Prime; _module_preset=\u00a0\u00bbdefault\u00a0\u00bb text_font=\u00a0\u00bbInter Tight|300|||||||\u00a0\u00bb hover_enabled=\u00a0\u00bb0&Prime; global_colors_info=\u00a0\u00bb{}\u00a0\u00bb custom_css_main_element=\u00a0\u00bb-webkit-backdrop-filter: blur(10px);||backdrop-filter: blur(10px);\u00a0\u00bb sticky_enabled=\u00a0\u00bb0&Prime; custom_margin=\u00a0\u00bb|0px||0px|false|true\u00a0\u00bb custom_padding=\u00a0\u00bb20px|20px|20px|20px|true|true\u00a0\u00bb]<\/p>\n<p data-start=\"2546\" data-end=\"2715\" style=\"text-align: justify;\"><span style=\"color: #ffffff;\">Les signes varient selon le trouble, mais certains changements reviennent souvent. Ils s\u2019observent dans la pens\u00e9e, l\u2019humeur, le comportement et le fonctionnement global.<\/span><\/p>\n<p data-start=\"2717\" data-end=\"2886\" style=\"text-align: justify;\"><span style=\"color: #ffffff;\"><strong data-start=\"2717\" data-end=\"2728\">Pens\u00e9es<\/strong><\/span><br data-start=\"2728\" data-end=\"2731\" \/><span style=\"color: #ffffff;\">Confusion, id\u00e9es envahissantes, difficult\u00e9 de concentration, inqui\u00e9tudes persistantes, pens\u00e9es noires, sentiment d\u2019\u00eatre inutile ou de ne pas \u00eatre soi-m\u00eame.<\/span><\/p>\n<p data-start=\"2888\" data-end=\"3029\" style=\"text-align: justify;\"><span style=\"color: #ffffff;\"><strong data-start=\"2888\" data-end=\"2900\">\u00c9motions<\/strong><\/span><br data-start=\"2900\" data-end=\"2903\" \/><span style=\"color: #ffffff;\">Tristesse intense, irritabilit\u00e9, peur disproportionn\u00e9e, perte d\u2019int\u00e9r\u00eat, vide int\u00e9rieur, fluctuations importantes de l\u2019humeur.<\/span><\/p>\n<p data-start=\"3031\" data-end=\"3226\" style=\"text-align: justify;\"><span style=\"color: #ffffff;\"><strong data-start=\"3031\" data-end=\"3048\">Comportements<\/strong><\/span><br data-start=\"3048\" data-end=\"3051\" \/><span style=\"color: #ffffff;\">Isolement, baisse d\u2019\u00e9nergie, troubles du sommeil, perte ou augmentation de l\u2019app\u00e9tit, consommation accrue d\u2019alcool ou de drogues, comportements impulsifs, rituels inhabituels.<\/span><\/p>\n<p data-start=\"3228\" data-end=\"3406\" style=\"text-align: justify;\"><span style=\"color: #ffffff;\"><strong data-start=\"3228\" data-end=\"3246\">Fonctionnement<\/strong><\/span><br data-start=\"3246\" data-end=\"3249\" \/><span style=\"color: #ffffff;\">Baisse du rendement scolaire ou professionnel, difficult\u00e9 \u00e0 maintenir les relations, incapacit\u00e9 \u00e0 accomplir les t\u00e2ches quotidiennes, n\u00e9gligence de l\u2019hygi\u00e8ne.<\/span><\/p>\n<p data-start=\"3408\" data-end=\"3574\" style=\"text-align: justify;\"><span style=\"color: #08afdd;\"><em>Ces signes ne signifient pas n\u00e9cessairement qu\u2019il y a une maladie, mais ils indiquent qu\u2019une \u00e9valuation serait utile, surtout lorsqu\u2019ils durent ou qu\u2019ils s\u2019aggravent.<\/em><\/span><\/p>\n<p>[\/et_pb_text][\/et_pb_column_inner][\/et_pb_row_inner][\/et_pb_column][et_pb_column type=\u00a0\u00bb1_2&Prime; _builder_version=\u00a0\u00bb4.16&Prime; custom_padding=\u00a0\u00bb|||\u00a0\u00bb global_colors_info=\u00a0\u00bb{}\u00a0\u00bb custom_padding__hover=\u00a0\u00bb|||\u00a0\u00bb][et_pb_video src=\u00a0\u00bbhttps:\/\/ladernieredose.ca\/wp-content\/uploads\/2025\/11\/39520-422803365_small.mp4&Prime; _builder_version=\u00a0\u00bb4.27.4&Prime; _module_preset=\u00a0\u00bbdefault\u00a0\u00bb global_colors_info=\u00a0\u00bb{}\u00a0\u00bb][\/et_pb_video][\/et_pb_column][\/et_pb_section][et_pb_section fb_built=\u00a0\u00bb1&Prime; _builder_version=\u00a0\u00bb4.16&Prime; background_color_gradient_direction=\u00a0\u00bb135deg\u00a0\u00bb custom_padding=\u00a0\u00bb5px|||||\u00a0\u00bb global_colors_info=\u00a0\u00bb{}\u00a0\u00bb][et_pb_row column_structure=\u00a0\u00bb2_3,1_3&Prime; _builder_version=\u00a0\u00bb4.16&Prime; background_size=\u00a0\u00bbinitial\u00a0\u00bb background_position=\u00a0\u00bbtop_left\u00a0\u00bb background_repeat=\u00a0\u00bbrepeat\u00a0\u00bb global_colors_info=\u00a0\u00bb{}\u00a0\u00bb][et_pb_column type=\u00a0\u00bb2_3&Prime; _builder_version=\u00a0\u00bb4.16&Prime; custom_padding=\u00a0\u00bb|||\u00a0\u00bb global_colors_info=\u00a0\u00bb{}\u00a0\u00bb custom_padding__hover=\u00a0\u00bb|||\u00a0\u00bb][et_pb_text _builder_version=\u00a0\u00bb4.27.4&Prime; text_font=\u00a0\u00bb|700||on|||||\u00a0\u00bb text_font_size=\u00a0\u00bb15px\u00a0\u00bb custom_padding=\u00a0\u00bb|||25px\u00a0\u00bb animation_style=\u00a0\u00bbslide\u00a0\u00bb animation_direction=\u00a0\u00bbleft\u00a0\u00bb border_width_left=\u00a0\u00bb5px\u00a0\u00bb border_color_left=\u00a0\u00bb#0dbde0&Prime; global_colors_info=\u00a0\u00bb{}\u00a0\u00bb]<\/p>\n<p><span data-contrast=\"none\" xml:lang=\"FR-CA\" lang=\"FR-CA\" class=\"TextRun SCXW19013391 BCX8\"><span class=\"NormalTextRun SCXW19013391 BCX8\" data-ccp-parastyle=\"heading 3\">L\u2019autom\u00e9dication : le pi\u00e8ge du soulagement temporaire<\/span><\/span><span class=\"EOP SCXW19013391 BCX8\" data-ccp-props=\"{&quot;134233117&quot;:false,&quot;134233118&quot;:false,&quot;134245418&quot;:true,&quot;134245529&quot;:true,&quot;335551550&quot;:0,&quot;335551620&quot;:0,&quot;335559738&quot;:281,&quot;335559739&quot;:281}\">\u00a0<\/span><\/p>\n<p>[\/et_pb_text][et_pb_text _builder_version=\u00a0\u00bb4.27.4&Prime; text_font=\u00a0\u00bbInter Tight|300|||||||\u00a0\u00bb custom_padding=\u00a0\u00bb||0px|||\u00a0\u00bb animation_style=\u00a0\u00bbslide\u00a0\u00bb animation_direction=\u00a0\u00bbleft\u00a0\u00bb global_colors_info=\u00a0\u00bb{}\u00a0\u00bb]<\/p>\n<ul>\n<li aria-setsize=\"-1\" data-leveltext=\"\uf0b7\" data-font=\"Symbol\" data-listid=\"3\" data-list-defn-props=\"{&quot;335552541&quot;:1,&quot;335559683&quot;:0,&quot;335559684&quot;:-2,&quot;335559685&quot;:720,&quot;335559991&quot;:360,&quot;469769226&quot;:&quot;Symbol&quot;,&quot;469769242&quot;:[8226],&quot;469777803&quot;:&quot;left&quot;,&quot;469777804&quot;:&quot;\uf0b7&quot;,&quot;469777815&quot;:&quot;hybridMultilevel&quot;}\" data-aria-posinset=\"1\" data-aria-level=\"1\"><b><span data-contrast=\"auto\">Qu\u2019est-ce que l\u2019autom\u00e9dication ?<\/span><\/b><span data-contrast=\"auto\"> Il s\u2019agit de consommer une substance (alcool, drogues, m\u00e9dicaments) pour apaiser un malaise psychologique (anxi\u00e9t\u00e9, tristesse, stress).<\/span><span data-ccp-props=\"{&quot;134233117&quot;:false,&quot;134233118&quot;:false,&quot;335551550&quot;:0,&quot;335551620&quot;:0,&quot;335559738&quot;:240,&quot;335559739&quot;:240}\">\u00a0<\/span><\/li>\n<\/ul>\n<ul>\n<li aria-setsize=\"-1\" data-leveltext=\"\uf0b7\" data-font=\"Symbol\" data-listid=\"3\" data-list-defn-props=\"{&quot;335552541&quot;:1,&quot;335559683&quot;:0,&quot;335559684&quot;:-2,&quot;335559685&quot;:720,&quot;335559991&quot;:360,&quot;469769226&quot;:&quot;Symbol&quot;,&quot;469769242&quot;:[8226],&quot;469777803&quot;:&quot;left&quot;,&quot;469777804&quot;:&quot;\uf0b7&quot;,&quot;469777815&quot;:&quot;hybridMultilevel&quot;}\" data-aria-posinset=\"2\" data-aria-level=\"1\"><span data-contrast=\"auto\">Des \u00e9tudes longitudinales montrent que l\u2019autom\u00e9dication augmente le risque de d\u00e9velopper une <\/span><b><span data-contrast=\"auto\">d\u00e9pendance<\/span><\/b><span data-contrast=\"auto\"> : par exemple, des personnes avec un trouble de l\u2019humeur qui se \u201csoignent\u201d avec des drogues ont un risque beaucoup plus \u00e9lev\u00e9 de d\u00e9velopper une d\u00e9pendance. <\/span><a href=\"https:\/\/pubmed.ncbi.nlm.nih.gov\/22697205\/?utm_source=chatgpt.com\"><span data-contrast=\"none\">PubMed<\/span><\/a><span data-ccp-props=\"{&quot;134233117&quot;:false,&quot;134233118&quot;:false,&quot;335551550&quot;:0,&quot;335551620&quot;:0,&quot;335559738&quot;:240,&quot;335559739&quot;:240}\">\u00a0<\/span><\/li>\n<\/ul>\n<ul>\n<li aria-setsize=\"-1\" data-leveltext=\"\uf0b7\" data-font=\"Symbol\" data-listid=\"3\" data-list-defn-props=\"{&quot;335552541&quot;:1,&quot;335559683&quot;:0,&quot;335559684&quot;:-2,&quot;335559685&quot;:720,&quot;335559991&quot;:360,&quot;469769226&quot;:&quot;Symbol&quot;,&quot;469769242&quot;:[8226],&quot;469777803&quot;:&quot;left&quot;,&quot;469777804&quot;:&quot;\uf0b7&quot;,&quot;469777815&quot;:&quot;hybridMultilevel&quot;}\" data-aria-posinset=\"3\" data-aria-level=\"1\"><span data-contrast=\"auto\">Ce ph\u00e9nom\u00e8ne existe aussi avec l\u2019anxi\u00e9t\u00e9 : l\u2019autom\u00e9dication de sympt\u00f4mes anxieux avec l\u2019alcool ou d\u2019autres drogues est li\u00e9e \u00e0 l\u2019apparition de troubles de l\u2019usage de substances. <\/span><a href=\"https:\/\/pubmed.ncbi.nlm.nih.gov\/21810645\/?utm_source=chatgpt.com\"><span data-contrast=\"none\">PubMed<\/span><\/a><span data-ccp-props=\"{&quot;134233117&quot;:false,&quot;134233118&quot;:false,&quot;335551550&quot;:0,&quot;335551620&quot;:0,&quot;335559738&quot;:240,&quot;335559739&quot;:240}\">\u00a0<\/span><\/li>\n<\/ul>\n<ul>\n<li aria-setsize=\"-1\" data-leveltext=\"\uf0b7\" data-font=\"Symbol\" data-listid=\"3\" data-list-defn-props=\"{&quot;335552541&quot;:1,&quot;335559683&quot;:0,&quot;335559684&quot;:-2,&quot;335559685&quot;:720,&quot;335559991&quot;:360,&quot;469769226&quot;:&quot;Symbol&quot;,&quot;469769242&quot;:[8226],&quot;469777803&quot;:&quot;left&quot;,&quot;469777804&quot;:&quot;\uf0b7&quot;,&quot;469777815&quot;:&quot;hybridMultilevel&quot;}\" data-aria-posinset=\"4\" data-aria-level=\"1\"><span data-contrast=\"auto\">Le probl\u00e8me, c\u2019est que la substance peut sembler soulager \u00e0 court terme, mais aggraver la situation \u00e0 long terme : elle peut intensifier les sympt\u00f4mes, augmenter l\u2019isolement, rendre les troubles mentaux plus persistants.<\/span><span data-ccp-props=\"{&quot;134233117&quot;:false,&quot;134233118&quot;:false,&quot;335551550&quot;:0,&quot;335551620&quot;:0,&quot;335559738&quot;:240,&quot;335559739&quot;:240}\">\u00a0<\/span><\/li>\n<\/ul>\n<p>[\/et_pb_text][\/et_pb_column][et_pb_column type=\u00a0\u00bb1_3&Prime; _builder_version=\u00a0\u00bb4.16&Prime; background_color=\u00a0\u00bb#ededed\u00a0\u00bb custom_padding=\u00a0\u00bb||20px|20px\u00a0\u00bb global_colors_info=\u00a0\u00bb{}\u00a0\u00bb custom_padding__hover=\u00a0\u00bb|||\u00a0\u00bb][et_pb_image src=\u00a0\u00bbhttps:\/\/ladernieredose.ca\/wp-content\/uploads\/2025\/11\/20-1.jpg\u00a0\u00bb title_text=\u00a0\u00bb20-1&Prime; align_tablet=\u00a0\u00bbcenter\u00a0\u00bb align_phone=\u00a0\u00bb\u00a0\u00bb align_last_edited=\u00a0\u00bbon|desktop\u00a0\u00bb _builder_version=\u00a0\u00bb4.27.4&Prime; custom_margin=\u00a0\u00bb-20px|-20px||\u00a0\u00bb custom_padding=\u00a0\u00bb|||\u00a0\u00bb animation_style=\u00a0\u00bbzoom\u00a0\u00bb box_shadow_style=\u00a0\u00bbpreset1&Prime; box_shadow_vertical=\u00a0\u00bb10px\u00a0\u00bb box_shadow_blur=\u00a0\u00bb40px\u00a0\u00bb box_shadow_color=\u00a0\u00bbrgba(0,0,0,0.25)\u00a0\u00bb global_colors_info=\u00a0\u00bb{}\u00a0\u00bb]<\/p>\n<p>\u00a0<\/p>\n<p>[\/et_pb_image][\/et_pb_column][\/et_pb_row][et_pb_row _builder_version=\u00a0\u00bb4.27.4&Prime; _module_preset=\u00a0\u00bbdefault\u00a0\u00bb global_colors_info=\u00a0\u00bb{}\u00a0\u00bb][et_pb_column type=\u00a0\u00bb4_4&Prime; _builder_version=\u00a0\u00bb4.27.4&Prime; _module_preset=\u00a0\u00bbdefault\u00a0\u00bb global_colors_info=\u00a0\u00bb{}\u00a0\u00bb][et_pb_text _builder_version=\u00a0\u00bb4.27.4&Prime; text_font=\u00a0\u00bb|700||on|||||\u00a0\u00bb text_font_size=\u00a0\u00bb15px\u00a0\u00bb custom_padding=\u00a0\u00bb|||25px\u00a0\u00bb animation_style=\u00a0\u00bbslide\u00a0\u00bb animation_direction=\u00a0\u00bbleft\u00a0\u00bb border_width_left=\u00a0\u00bb5px\u00a0\u00bb border_color_left=\u00a0\u00bb#0dbde0&Prime; global_colors_info=\u00a0\u00bb{}\u00a0\u00bb]<\/p>\n<p>types de troubles psychotiques<\/p>\n<p>[\/et_pb_text][et_pb_tabs _builder_version=\u00a0\u00bb4.27.4&Prime; _module_preset=\u00a0\u00bbdefault\u00a0\u00bb global_colors_info=\u00a0\u00bb{}\u00a0\u00bb][et_pb_tab title=\u00a0\u00bbTrouble de la personnalit\u00e9 borderline\u00a0\u00bb _builder_version=\u00a0\u00bb4.27.4&Prime; _module_preset=\u00a0\u00bbdefault\u00a0\u00bb tab_font=\u00a0\u00bb&#8211;et_global_heading_font||||||||\u00a0\u00bb tab_text_color=\u00a0\u00bb#00b7ea\u00a0\u00bb global_colors_info=\u00a0\u00bb{}\u00a0\u00bb]<\/p>\n<p data-start=\"2904\" data-end=\"3230\">Le trouble borderline se manifeste par une forte instabilit\u00e9 \u00e9motionnelle. La personne vit des relations intenses, r\u00e9agit vite, agit impulsivement et ressent un grand vide int\u00e9rieur. L\u2019impulsivit\u00e9 peut toucher la sexualit\u00e9, la nourriture ou la consommation. Les gestes d\u2019automutilation et les id\u00e9es suicidaires sont fr\u00e9quents.<\/p>\n<p data-start=\"3232\" data-end=\"3428\">Les sympt\u00f4mes varient. Certains moments ressemblent \u00e0 un \u00e9pisode psychotique ou \u00e0 un trouble bipolaire, mais l\u2019\u00e9volution reste irr\u00e9guli\u00e8re. Le diagnostic demande du temps et une bonne observation.<\/p>\n<p data-start=\"3430\" data-end=\"3550\">Les traitements reposent surtout sur la psychoth\u00e9rapie. Les m\u00e9dicaments servent en soutien lors des p\u00e9riodes difficiles.<\/p>\n<p>[\/et_pb_tab][et_pb_tab title=\u00a0\u00bbLes schizophr\u00e9nies\u00a0\u00bb _builder_version=\u00a0\u00bb4.27.4&Prime; _module_preset=\u00a0\u00bbdefault\u00a0\u00bb tab_font=\u00a0\u00bb&#8211;et_global_heading_font||||||||\u00a0\u00bb tab_text_color=\u00a0\u00bb#d100aa\u00a0\u00bb global_colors_info=\u00a0\u00bb{}\u00a0\u00bb]<\/p>\n<p data-start=\"3581\" data-end=\"3741\">La schizophr\u00e9nie n\u2019est pas une double personnalit\u00e9. C\u2019est un trouble du fonctionnement du cerveau. Les sympt\u00f4mes apparaissent souvent \u00e0 la fin de l\u2019adolescence.<\/p>\n<p data-start=\"3743\" data-end=\"3789\">On retrouve trois grands groupes de sympt\u00f4mes.<\/p>\n<p data-start=\"3791\" data-end=\"3883\"><strong data-start=\"3791\" data-end=\"3813\">Troubles cognitifs<\/strong><br data-start=\"3813\" data-end=\"3816\" \/>Difficult\u00e9s d\u2019attention, de m\u00e9moire et d\u2019organisation de la pens\u00e9e.<\/p>\n<p data-start=\"3885\" data-end=\"4038\"><strong data-start=\"3885\" data-end=\"3907\">Sympt\u00f4mes n\u00e9gatifs<\/strong><br data-start=\"3907\" data-end=\"3910\" \/>Retrait social, perte d\u2019int\u00e9r\u00eat, manque d\u2019\u00e9nergie, n\u00e9gligence de l\u2019hygi\u00e8ne. La personne ne voit pas toujours qu\u2019elle est malade.<\/p>\n<p data-start=\"4040\" data-end=\"4249\"><strong data-start=\"4040\" data-end=\"4062\">Sympt\u00f4mes positifs<\/strong><br data-start=\"4062\" data-end=\"4065\" \/>Hallucinations (souvent auditives), id\u00e9es d\u00e9lirantes, langage d\u00e9sorganis\u00e9, comportements \u00e9tranges. Les perceptions sont alt\u00e9r\u00e9es et la personne peut vivre un grand sentiment de menace.<\/p>\n<p data-start=\"4251\" data-end=\"4301\">Le d\u00e9ni de la maladie rend le traitement complexe.<\/p>\n<p>[\/et_pb_tab][et_pb_tab title=\u00a0\u00bbTroubles bipolaires\u00a0\u00bb _builder_version=\u00a0\u00bb4.27.4&Prime; _module_preset=\u00a0\u00bbdefault\u00a0\u00bb tab_font=\u00a0\u00bb&#8211;et_global_heading_font||||||||\u00a0\u00bb tab_text_color=\u00a0\u00bb#5600b2&Prime; global_colors_info=\u00a0\u00bb{}\u00a0\u00bb]<\/p>\n<p data-start=\"4333\" data-end=\"4591\">Les troubles bipolaires alternent entre deux p\u00f4les :<\/p>\n<p data-start=\"4333\" data-end=\"4591\"><strong data-start=\"4388\" data-end=\"4397\">Manie<\/strong> : \u00e9nergie \u00e9lev\u00e9e, besoin de dormir r\u00e9duit, id\u00e9es rapides, projets multiples, comportements impulsifs.<br data-start=\"4499\" data-end=\"4502\" \/><strong data-start=\"4502\" data-end=\"4516\">D\u00e9pression<\/strong> : tristesse intense, ralentissement, perte d\u2019int\u00e9r\u00eat, pens\u00e9es suicidaires.<\/p>\n<p data-start=\"4593\" data-end=\"4750\">Entre les \u00e9pisodes, la personne retrouve un fonctionnement normal. Le diagnostic peut prendre du temps, car les formes l\u00e9g\u00e8res sont difficiles \u00e0 reconna\u00eetre.<\/p>\n<p>[\/et_pb_tab][\/et_pb_tabs][et_pb_text _builder_version=\u00a0\u00bb4.27.4&Prime; text_font=\u00a0\u00bb|700||on|||||\u00a0\u00bb text_font_size=\u00a0\u00bb15px\u00a0\u00bb custom_padding=\u00a0\u00bb|||25px\u00a0\u00bb animation_style=\u00a0\u00bbslide\u00a0\u00bb animation_direction=\u00a0\u00bbleft\u00a0\u00bb border_width_left=\u00a0\u00bb5px\u00a0\u00bb border_color_left=\u00a0\u00bb#0dbde0&Prime; global_colors_info=\u00a0\u00bb{}\u00a0\u00bb]<\/p>\n<p>types de troubles comportementaux<\/p>\n<p>[\/et_pb_text][et_pb_tabs _builder_version=\u00a0\u00bb4.27.4&Prime; _module_preset=\u00a0\u00bbdefault\u00a0\u00bb global_colors_info=\u00a0\u00bb{}\u00a0\u00bb][et_pb_tab title=\u00a0\u00bbTrouble du comportement alimentaire\u00a0\u00bb _builder_version=\u00a0\u00bb4.27.4&Prime; _module_preset=\u00a0\u00bbdefault\u00a0\u00bb tab_font=\u00a0\u00bb&#8211;et_global_heading_font||||||||\u00a0\u00bb tab_text_color=\u00a0\u00bb#9700a5&Prime; global_colors_info=\u00a0\u00bb{}\u00a0\u00bb]<\/p>\n<p data-start=\"4799\" data-end=\"5045\">Les TCA touchent la relation \u00e0 la nourriture, au poids et \u00e0 l\u2019image corporelle. Ils affectent le corps, l\u2019esprit et les relations sociales. La souffrance provient du trouble lui-m\u00eame et des cons\u00e9quences physiques ou psychologiques qui s\u2019ajoutent.<\/p>\n<p>[\/et_pb_tab][et_pb_tab title=\u00a0\u00bbTroubles obsessionnels compulsifs\u00a0\u00bb _builder_version=\u00a0\u00bb4.27.4&Prime; _module_preset=\u00a0\u00bbdefault\u00a0\u00bb tab_font=\u00a0\u00bb&#8211;et_global_heading_font||||||||\u00a0\u00bb tab_text_color=\u00a0\u00bb#09e1c0&Prime; global_colors_info=\u00a0\u00bb{}\u00a0\u00bb]<\/p>\n<p data-start=\"5097\" data-end=\"5316\">Les TOC regroupent des obsessions (pens\u00e9es intrusives et d\u00e9rangeantes) et des compulsions (rituels r\u00e9p\u00e9t\u00e9s pour r\u00e9duire la peur). La personne sait que ses pens\u00e9es sont irrationnelles, mais ne parvient pas \u00e0 les arr\u00eater.<\/p>\n<p data-start=\"5318\" data-end=\"5431\">Les rituels peuvent prendre beaucoup de temps et nuisent au travail, aux relations ou aux activit\u00e9s quotidiennes.<\/p>\n<p data-start=\"5433\" data-end=\"5611\">Exemples fr\u00e9quents : peur de la contamination, v\u00e9rifications constantes, besoin de sym\u00e9trie, crainte de causer un mal, obsessions sexuelles ou religieuses, accumulation d\u2019objets.<\/p>\n<p>[\/et_pb_tab][et_pb_tab title=\u00a0\u00bbAutisme\u00a0\u00bb _builder_version=\u00a0\u00bb4.27.4&Prime; _module_preset=\u00a0\u00bbdefault\u00a0\u00bb tab_font=\u00a0\u00bb&#8211;et_global_heading_font||||||||\u00a0\u00bb tab_text_color=\u00a0\u00bb#08afdd\u00a0\u00bb global_colors_info=\u00a0\u00bb{}\u00a0\u00bb]<\/p>\n<p data-start=\"5631\" data-end=\"5867\">L\u2019autisme appara\u00eet t\u00f4t dans l\u2019enfance. L\u2019enfant pr\u00e9sente un retrait social, peu d\u2019\u00e9changes, un langage particulier et des comportements r\u00e9p\u00e9titifs. Il peut avoir des int\u00e9r\u00eats restreints et des difficult\u00e9s \u00e0 comprendre les codes sociaux.<\/p>\n<p>[\/et_pb_tab][\/et_pb_tabs][\/et_pb_column][\/et_pb_row][\/et_pb_section][et_pb_section fb_built=\u00a0\u00bb1&Prime; _builder_version=\u00a0\u00bb4.27.4&Prime; _module_preset=\u00a0\u00bbdefault\u00a0\u00bb custom_padding=\u00a0\u00bb0px|||||\u00a0\u00bb global_colors_info=\u00a0\u00bb{}\u00a0\u00bb][et_pb_row _builder_version=\u00a0\u00bb4.27.4&Prime; _module_preset=\u00a0\u00bbdefault\u00a0\u00bb global_colors_info=\u00a0\u00bb{}\u00a0\u00bb][et_pb_column type=\u00a0\u00bb4_4&Prime; _builder_version=\u00a0\u00bb4.27.4&Prime; _module_preset=\u00a0\u00bbdefault\u00a0\u00bb global_colors_info=\u00a0\u00bb{}\u00a0\u00bb][et_pb_text _builder_version=\u00a0\u00bb4.27.4&Prime; text_font=\u00a0\u00bb|700||on|||||\u00a0\u00bb text_font_size=\u00a0\u00bb15px\u00a0\u00bb custom_padding=\u00a0\u00bb|||25px\u00a0\u00bb animation_style=\u00a0\u00bbslide\u00a0\u00bb animation_direction=\u00a0\u00bbleft\u00a0\u00bb border_width_left=\u00a0\u00bb5px\u00a0\u00bb border_color_left=\u00a0\u00bb#0dbde0&Prime; global_colors_info=\u00a0\u00bb{}\u00a0\u00bb]<\/p>\n<p>la concomitance<\/p>\n<p>[\/et_pb_text][et_pb_text _builder_version=\u00a0\u00bb4.27.4&Prime; _module_preset=\u00a0\u00bbdefault\u00a0\u00bb text_font=\u00a0\u00bbInter Tight|300|||||||\u00a0\u00bb global_colors_info=\u00a0\u00bb{}\u00a0\u00bb]<\/p>\n<p data-start=\"3601\" data-end=\"3893\">La concomitance d\u00e9signe la pr\u00e9sence simultan\u00e9e d\u2019un trouble mental et d\u2019un probl\u00e8me li\u00e9 \u00e0 la consommation. Les deux se nourrissent souvent l\u2019un l\u2019autre. La personne consomme pour se calmer ou s\u2019\u00e9vader, mais la consommation amplifie ensuite les sympt\u00f4mes. Le cercle devient difficile \u00e0 briser.<\/p>\n<p data-start=\"3895\" data-end=\"4193\" style=\"text-align: justify;\">Vous pouvez voir ce ph\u00e9nom\u00e8ne dans plusieurs situations. Une personne anxieuse consomme pour r\u00e9duire sa tension. Une personne d\u00e9pressive boit pour s\u2019endormir. Une personne vivant des hallucinations utilise de la drogue pour att\u00e9nuer la peur. Le soulagement est court. Les cons\u00e9quences sont lourdes.<\/p>\n<p data-start=\"4195\" data-end=\"4432\" style=\"text-align: justify;\">La concomitance demande une approche coordonn\u00e9e. Traiter seulement l\u2019un des deux aspects laisse l\u2019autre continuer d\u2019agir. Une prise en charge adapt\u00e9e combine un suivi en sant\u00e9 mentale, une intervention en d\u00e9pendance et un soutien social.<\/p>\n<p>[\/et_pb_text][\/et_pb_column][\/et_pb_row][\/et_pb_section][et_pb_section fb_built=\u00a0\u00bb1&Prime; _builder_version=\u00a0\u00bb4.27.4&Prime; _module_preset=\u00a0\u00bbdefault\u00a0\u00bb custom_padding=\u00a0\u00bb3px||4px|||\u00a0\u00bb global_colors_info=\u00a0\u00bb{}\u00a0\u00bb][et_pb_row _builder_version=\u00a0\u00bb4.27.4&Prime; _module_preset=\u00a0\u00bbdefault\u00a0\u00bb global_colors_info=\u00a0\u00bb{}\u00a0\u00bb][et_pb_column type=\u00a0\u00bb4_4&Prime; _builder_version=\u00a0\u00bb4.27.4&Prime; _module_preset=\u00a0\u00bbdefault\u00a0\u00bb global_colors_info=\u00a0\u00bb{}\u00a0\u00bb][et_pb_text _builder_version=\u00a0\u00bb4.27.4&Prime; text_font=\u00a0\u00bb|700||on|||||\u00a0\u00bb text_font_size=\u00a0\u00bb15px\u00a0\u00bb custom_padding=\u00a0\u00bb|||25px\u00a0\u00bb animation_style=\u00a0\u00bbslide\u00a0\u00bb animation_direction=\u00a0\u00bbleft\u00a0\u00bb border_width_left=\u00a0\u00bb5px\u00a0\u00bb border_color_left=\u00a0\u00bb#0dbde0&Prime; global_colors_info=\u00a0\u00bb{}\u00a0\u00bb]<\/p>\n<p>la comorbidit\u00e9<\/p>\n<p>[\/et_pb_text][et_pb_text _builder_version=\u00a0\u00bb4.27.4&Prime; _module_preset=\u00a0\u00bbdefault\u00a0\u00bb text_font=\u00a0\u00bbInter Tight|300|||||||\u00a0\u00bb global_colors_info=\u00a0\u00bb{}\u00a0\u00bb]<\/p>\n<p data-start=\"4458\" data-end=\"4782\" style=\"text-align: justify;\">La comorbidit\u00e9 consiste \u00e0 vivre plus d\u2019un trouble mental en m\u00eame temps. Par exemple, une personne peut avoir un trouble anxieux et une d\u00e9pression. Un trouble du comportement alimentaire peut coexister avec un trouble obsessionnel compulsif. Une personne avec un trouble psychotique peut pr\u00e9senter un trouble de personnalit\u00e9.<\/p>\n<p data-start=\"4784\" data-end=\"5099\">La comorbidit\u00e9 modifie la fa\u00e7on dont les sympt\u00f4mes se manifestent. Certains se renforcent entre eux. D\u2019autres d\u00e9routent les professionnels parce qu\u2019ils se chevauchent. Par exemple, l\u2019agitation li\u00e9e \u00e0 un trouble anxieux peut masquer une phase maniaque. La fatigue d\u2019une d\u00e9pression peut cacher un trouble alimentaire.<\/p>\n<p data-start=\"5101\" data-end=\"5367\">La pr\u00e9sence de plusieurs troubles demande une \u00e9valuation attentive pour \u00e9viter les erreurs diagnostiques. Le plan de traitement doit tenir compte de tous les \u00e9l\u00e9ments. Les interventions combinent souvent m\u00e9dication, psychoth\u00e9rapie et soutien dans la vie quotidienne.<\/p>\n<p>[\/et_pb_text][\/et_pb_column][\/et_pb_row][\/et_pb_section][et_pb_section fb_built=\u00a0\u00bb1&Prime; _builder_version=\u00a0\u00bb4.16&Prime; background_color_gradient_direction=\u00a0\u00bb135deg\u00a0\u00bb custom_padding=\u00a0\u00bb1px|||||\u00a0\u00bb global_colors_info=\u00a0\u00bb{}\u00a0\u00bb][et_pb_row _builder_version=\u00a0\u00bb4.16&Prime; background_size=\u00a0\u00bbinitial\u00a0\u00bb background_position=\u00a0\u00bbtop_left\u00a0\u00bb background_repeat=\u00a0\u00bbrepeat\u00a0\u00bb global_colors_info=\u00a0\u00bb{}\u00a0\u00bb][et_pb_column type=\u00a0\u00bb4_4&Prime; _builder_version=\u00a0\u00bb4.16&Prime; custom_padding=\u00a0\u00bb|||\u00a0\u00bb global_colors_info=\u00a0\u00bb{}\u00a0\u00bb custom_padding__hover=\u00a0\u00bb|||\u00a0\u00bb][et_pb_text _builder_version=\u00a0\u00bb4.27.4&Prime; text_font=\u00a0\u00bb|700||on|||||\u00a0\u00bb text_font_size=\u00a0\u00bb15px\u00a0\u00bb custom_padding=\u00a0\u00bb|||25px\u00a0\u00bb animation_style=\u00a0\u00bbslide\u00a0\u00bb animation_direction=\u00a0\u00bbleft\u00a0\u00bb border_width_left=\u00a0\u00bb5px\u00a0\u00bb border_color_left=\u00a0\u00bb#0dbde0&Prime; global_colors_info=\u00a0\u00bb{}\u00a0\u00bb]<\/p>\n<p><span data-contrast=\"none\" xml:lang=\"FR-CA\" lang=\"FR-CA\" class=\"TextRun SCXW117206485 BCX8\"><span class=\"NormalTextRun SCXW117206485 BCX8\" data-ccp-parastyle=\"heading 3\">Pourquoi la comorbidit\u00e9 peut durer (et \u00eatre n\u00e9glig\u00e9e)<\/span><\/span><span class=\"EOP SCXW117206485 BCX8\" data-ccp-props=\"{&quot;134233117&quot;:false,&quot;134233118&quot;:false,&quot;134245418&quot;:true,&quot;134245529&quot;:true,&quot;335551550&quot;:0,&quot;335551620&quot;:0,&quot;335559738&quot;:281,&quot;335559739&quot;:281}\">\u00a0<\/span><\/p>\n<p>[\/et_pb_text][et_pb_text _builder_version=\u00a0\u00bb4.27.4&Prime; text_font=\u00a0\u00bbInter Tight|300|||||||\u00a0\u00bb text_line_height=\u00a0\u00bb1.2em\u00a0\u00bb custom_padding=\u00a0\u00bb||0px|||\u00a0\u00bb animation_style=\u00a0\u00bbslide\u00a0\u00bb animation_direction=\u00a0\u00bbleft\u00a0\u00bb hover_enabled=\u00a0\u00bb0&Prime; global_colors_info=\u00a0\u00bb{}\u00a0\u00bb sticky_enabled=\u00a0\u00bb0&Prime;]<\/p>\n<p style=\"text-align: justify;\"><em>Trois principales voies peuvent expliquer pourquoi ces deux r\u00e9alit\u00e9s coexistent souvent :\u00a0<\/em><\/p>\n<p style=\"text-align: justify;\"><strong>Facteurs communs<\/strong><span data-contrast=\"auto\"><strong> :<\/strong> des causes sous-jacentes (traumatismes, stress chronique, g\u00e9n\u00e9tique) peuvent pr\u00e9disposer \u00e0 la fois \u00e0 des troubles mentaux et \u00e0 la consommation. <\/span><\/p>\n<p style=\"text-align: justify;\"><strong>Trouble mental<\/strong><b><span data-contrast=\"auto\"> \u2192 consommation<\/span><\/b><span data-contrast=\"auto\"> : certaines personnes consomment pour \u201ctenir le coup\u201d psychologiquement.<\/span><span data-ccp-props=\"{&quot;134233117&quot;:false,&quot;134233118&quot;:false,&quot;335551550&quot;:0,&quot;335551620&quot;:0,&quot;335559738&quot;:240,&quot;335559739&quot;:240}\">\u00a0<\/span><\/p>\n<p style=\"text-align: justify;\"><strong>Consommation<\/strong><b><span data-contrast=\"auto\"> \u2192 trouble mental<\/span><\/b><span data-contrast=\"auto\"> : la consommation de substances psychoactives peut elle-m\u00eame d\u00e9clencher ou aggraver des troubles mentaux (psychose, d\u00e9pression, anxi\u00e9t\u00e9). <\/span><\/p>\n<p>[\/et_pb_text][\/et_pb_column][\/et_pb_row][\/et_pb_section][et_pb_section fb_built=\u00a0\u00bb1&Prime; _builder_version=\u00a0\u00bb4.16&Prime; background_color_gradient_direction=\u00a0\u00bb135deg\u00a0\u00bb custom_padding=\u00a0\u00bb||5px|||\u00a0\u00bb global_colors_info=\u00a0\u00bb{}\u00a0\u00bb][et_pb_row column_structure=\u00a0\u00bb2_3,1_3&Prime; _builder_version=\u00a0\u00bb4.16&Prime; background_size=\u00a0\u00bbinitial\u00a0\u00bb background_position=\u00a0\u00bbtop_left\u00a0\u00bb background_repeat=\u00a0\u00bbrepeat\u00a0\u00bb global_colors_info=\u00a0\u00bb{}\u00a0\u00bb][et_pb_column type=\u00a0\u00bb2_3&Prime; _builder_version=\u00a0\u00bb4.16&Prime; custom_padding=\u00a0\u00bb|||\u00a0\u00bb global_colors_info=\u00a0\u00bb{}\u00a0\u00bb custom_padding__hover=\u00a0\u00bb|||\u00a0\u00bb][et_pb_text _builder_version=\u00a0\u00bb4.27.4&Prime; text_font=\u00a0\u00bb|700||on|||||\u00a0\u00bb text_font_size=\u00a0\u00bb15px\u00a0\u00bb custom_padding=\u00a0\u00bb|||25px\u00a0\u00bb animation_style=\u00a0\u00bbslide\u00a0\u00bb animation_direction=\u00a0\u00bbleft\u00a0\u00bb border_width_left=\u00a0\u00bb5px\u00a0\u00bb border_color_left=\u00a0\u00bb#0dbde0&Prime; global_colors_info=\u00a0\u00bb{}\u00a0\u00bb]<\/p>\n<p><span data-contrast=\"none\" xml:lang=\"FR-CA\" lang=\"FR-CA\" class=\"TextRun SCXW258345569 BCX8\"><span class=\"NormalTextRun SCXW258345569 BCX8\" data-ccp-parastyle=\"heading 3\">Les cons\u00e9quences moins visibles<\/span><\/span><span class=\"EOP SCXW258345569 BCX8\" data-ccp-props=\"{&quot;134233117&quot;:false,&quot;134233118&quot;:false,&quot;134245418&quot;:true,&quot;134245529&quot;:true,&quot;335551550&quot;:0,&quot;335551620&quot;:0,&quot;335559738&quot;:281,&quot;335559739&quot;:281}\">\u00a0<\/span><\/p>\n<p>[\/et_pb_text][et_pb_text _builder_version=\u00a0\u00bb4.27.4&Prime; text_font=\u00a0\u00bbInter Tight|300|||||||\u00a0\u00bb custom_padding=\u00a0\u00bb||0px|||\u00a0\u00bb animation_style=\u00a0\u00bbslide\u00a0\u00bb animation_direction=\u00a0\u00bbleft\u00a0\u00bb global_colors_info=\u00a0\u00bb{}\u00a0\u00bb]<\/p>\n<p><em>Les personnes avec comorbidit\u00e9 font souvent face \u00e0 des comportements \u00e0 risque plus importants. <\/em><\/p>\n<p><span data-contrast=\"auto\">Par exemple, chez les jeunes, la combinaison trouble mental + consommation est li\u00e9e \u00e0 un plus grand nombre de comportements impulsifs, de sexualit\u00e9 non prot\u00e9g\u00e9e, ou encore d\u2019usage de seringues. <\/span><a href=\"https:\/\/drogues-sante-societe.ca\/limpact-de-la-concomitance-de-troubles-lies-a-la-consommation-de-substance-et-de-troubles-de-sante-mentale-sur-les-comportements-a-risque-en-fonction-de-lage\/?utm_source=chatgpt.com\"><span data-contrast=\"none\">Drogues, sant\u00e9 et soci\u00e9t\u00e9<\/span><\/a><span data-ccp-props=\"{&quot;134233117&quot;:false,&quot;134233118&quot;:false,&quot;335551550&quot;:0,&quot;335551620&quot;:0,&quot;335559738&quot;:240,&quot;335559739&quot;:240}\">\u00a0<\/span><\/p>\n<p><span data-contrast=\"auto\">Sur le plan des services : avoir un double diagnostic ne garantit pas un meilleur soutien. En r\u00e9alit\u00e9, les syst\u00e8mes de soins sont souvent inadapt\u00e9s pour r\u00e9pondre \u00e0 la complexit\u00e9 de la comorbidit\u00e9. <\/span><a href=\"https:\/\/commissionsantementale.ca\/what-we-do\/mental-health-and-substance-use-health\/?utm_source=chatgpt.com\"><span data-contrast=\"none\">Commission de la sant\u00e9 mentale du Canada<\/span><\/a><span data-ccp-props=\"{&quot;134233117&quot;:false,&quot;134233118&quot;:false,&quot;335551550&quot;:0,&quot;335551620&quot;:0,&quot;335559738&quot;:240,&quot;335559739&quot;:240}\">\u00a0<\/span><\/p>\n<p><span data-contrast=\"auto\">Sur le plan de la souffrance : la comorbidit\u00e9 augmente la probabilit\u00e9 d\u2019invalidit\u00e9 (handicap), de rechutes, et peut rendre le r\u00e9tablissement plus long et plus difficile. <\/span><a href=\"https:\/\/pubmed.ncbi.nlm.nih.gov\/38070745\/?utm_source=chatgpt.com\"><span data-contrast=\"none\">PubMed<\/span><\/a><span data-ccp-props=\"{&quot;134233117&quot;:false,&quot;134233118&quot;:false,&quot;335551550&quot;:0,&quot;335551620&quot;:0,&quot;335559738&quot;:240,&quot;335559739&quot;:240}\">\u00a0<\/span><\/p>\n<p>[\/et_pb_text][\/et_pb_column][et_pb_column type=\u00a0\u00bb1_3&Prime; _builder_version=\u00a0\u00bb4.16&Prime; background_color=\u00a0\u00bb#ededed\u00a0\u00bb custom_padding=\u00a0\u00bb||20px|20px\u00a0\u00bb global_colors_info=\u00a0\u00bb{}\u00a0\u00bb custom_padding__hover=\u00a0\u00bb|||\u00a0\u00bb][et_pb_image src=\u00a0\u00bbhttps:\/\/ladernieredose.ca\/wp-content\/uploads\/2025\/11\/c3m56pq0j1m-1.jpg\u00a0\u00bb alt=\u00a0\u00bbwhite and black owl figurine\u00a0\u00bb title_text=\u00a0\u00bbPhoto by Colin Davis\u00a0\u00bb align_tablet=\u00a0\u00bbcenter\u00a0\u00bb align_phone=\u00a0\u00bb\u00a0\u00bb align_last_edited=\u00a0\u00bbon|desktop\u00a0\u00bb _builder_version=\u00a0\u00bb4.27.4&Prime; custom_margin=\u00a0\u00bb-20px|-20px||\u00a0\u00bb custom_padding=\u00a0\u00bb|||\u00a0\u00bb animation_style=\u00a0\u00bbzoom\u00a0\u00bb box_shadow_style=\u00a0\u00bbpreset1&Prime; box_shadow_vertical=\u00a0\u00bb10px\u00a0\u00bb box_shadow_blur=\u00a0\u00bb40px\u00a0\u00bb box_shadow_color=\u00a0\u00bbrgba(0,0,0,0.25)\u00a0\u00bb global_colors_info=\u00a0\u00bb{}\u00a0\u00bb]<\/p>\n<p>\u00a0<\/p>\n<p>[\/et_pb_image][\/et_pb_column][\/et_pb_row][\/et_pb_section][et_pb_section fb_built=\u00a0\u00bb1&Prime; _builder_version=\u00a0\u00bb4.27.4&Prime; background_color_gradient_direction=\u00a0\u00bb135deg\u00a0\u00bb custom_padding=\u00a0\u00bb||2px|||\u00a0\u00bb hover_enabled=\u00a0\u00bb0&Prime; global_colors_info=\u00a0\u00bb{}\u00a0\u00bb alt=\u00a0\u00bblighted hallway\u00a0\u00bb title_text=\u00a0\u00bbPhoto by Veenit Panchal\u00a0\u00bb background_image=\u00a0\u00bbhttps:\/\/ladernieredose.ca\/wp-content\/uploads\/2025\/12\/4kycgoymsiq.jpg\u00a0\u00bb sticky_enabled=\u00a0\u00bb0&Prime; parallax=\u00a0\u00bbon\u00a0\u00bb background__hover_enabled=\u00a0\u00bbon|desktop\u00a0\u00bb background_last_edited=\u00a0\u00bbon|phone\u00a0\u00bb][et_pb_row _builder_version=\u00a0\u00bb4.16&Prime; background_size=\u00a0\u00bbinitial\u00a0\u00bb background_position=\u00a0\u00bbtop_left\u00a0\u00bb background_repeat=\u00a0\u00bbrepeat\u00a0\u00bb global_colors_info=\u00a0\u00bb{}\u00a0\u00bb][et_pb_column type=\u00a0\u00bb4_4&Prime; _builder_version=\u00a0\u00bb4.16&Prime; custom_padding=\u00a0\u00bb|||\u00a0\u00bb global_colors_info=\u00a0\u00bb{}\u00a0\u00bb custom_padding__hover=\u00a0\u00bb|||\u00a0\u00bb][et_pb_text _builder_version=\u00a0\u00bb4.27.4&Prime; text_font=\u00a0\u00bb|700||on|||||\u00a0\u00bb text_font_size=\u00a0\u00bb15px\u00a0\u00bb custom_padding=\u00a0\u00bb|||25px\u00a0\u00bb animation_style=\u00a0\u00bbslide\u00a0\u00bb animation_direction=\u00a0\u00bbleft\u00a0\u00bb hover_enabled=\u00a0\u00bb0&Prime; border_width_left=\u00a0\u00bb5px\u00a0\u00bb border_color_left=\u00a0\u00bb#0dbde0&Prime; global_colors_info=\u00a0\u00bb{}\u00a0\u00bb sticky_enabled=\u00a0\u00bb0&Prime;]<\/p>\n<p><span style=\"color: #ffffff;\"><span data-contrast=\"none\" xml:lang=\"FR-CA\" lang=\"FR-CA\" class=\"TextRun SCXW201941482 BCX8\"><span class=\"NormalTextRun SCXW201941482 BCX8\" data-ccp-parastyle=\"heading 3\">Comment prendre soin de soi quand tout cela se m\u00e9lange<\/span><\/span><span class=\"EOP SCXW201941482 BCX8\" data-ccp-props=\"{&quot;134233117&quot;:false,&quot;134233118&quot;:false,&quot;134245418&quot;:true,&quot;134245529&quot;:true,&quot;335551550&quot;:0,&quot;335551620&quot;:0,&quot;335559738&quot;:281,&quot;335559739&quot;:281}\">\u00a0<\/span><\/span><\/p>\n<p>[\/et_pb_text][et_pb_text _builder_version=\u00a0\u00bb4.27.4&Prime; text_font=\u00a0\u00bbInter Tight|300|||||||\u00a0\u00bb text_line_height=\u00a0\u00bb1.2em\u00a0\u00bb custom_padding=\u00a0\u00bb20px|20px|20px|20px|true|true\u00a0\u00bb animation_style=\u00a0\u00bbslide\u00a0\u00bb animation_direction=\u00a0\u00bbleft\u00a0\u00bb hover_enabled=\u00a0\u00bb0&Prime; global_colors_info=\u00a0\u00bb{}\u00a0\u00bb custom_css_main_element=\u00a0\u00bb-webkit-backdrop-filter: blur(10px);||backdrop-filter: blur(10px);\u00a0\u00bb custom_margin=\u00a0\u00bb||||false|true\u00a0\u00bb sticky_enabled=\u00a0\u00bb0&Prime;]<\/p>\n<p style=\"text-align: justify;\"><strong><span style=\"color: #ffffff;\">Reconna\u00eetre le probl\u00e8me\u00a0<\/span><\/strong><\/p>\n<p style=\"text-align: justify;\"><span style=\"color: #ffffff;\">Dire \u00e0 soi-m\u00eame que \u201cce n\u2019est pas juste de la consommation\u201d ; il peut y avoir des \u00e9motions, des traumas, des maux psychologiques sous-jacents.\u00a0<\/span><\/p>\n<p style=\"text-align: justify;\"><span style=\"color: #ffffff;\">Chercher un diagnostic professionnel si tu sens que c\u2019est plus que \u201cjuste un coup de bar\u201d.\u00a0<\/span><\/p>\n<p style=\"text-align: justify;\"><strong><span style=\"color: #ffffff;\">Chercher des soins int\u00e9gr\u00e9s\u00a0<\/span><\/strong><\/p>\n<p style=\"text-align: justify;\"><span style=\"color: #ffffff;\">Prioriser des services qui travaillent \u00e0 la fois la sant\u00e9 mentale et la d\u00e9pendance.\u00a0<\/span><\/p>\n<p style=\"text-align: justify;\"><span style=\"color: #ffffff;\">Si possible, trouver des intervenants form\u00e9s aux troubles concomitants.\u00a0<\/span><\/p>\n<p style=\"text-align: justify;\"><strong><span style=\"color: #ffffff;\">Soutien par des pairs\u00a0<\/span><\/strong><\/p>\n<p style=\"text-align: justify;\"><span style=\"color: #ffffff;\">Participer \u00e0 des groupes de soutien ou des groupes d\u2019entraide o\u00f9 les gens parlent \u00e0 la fois de consommation et de sant\u00e9 mentale.\u00a0<\/span><\/p>\n<p style=\"text-align: justify;\"><span style=\"color: #ffffff;\">Les exp\u00e9riences partag\u00e9es peuvent d\u00e9stigmatiser et offrir des rep\u00e8res concrets.\u00a0<\/span><\/p>\n<p style=\"text-align: justify;\"><strong><span style=\"color: #ffffff;\">R\u00e9duction des m\u00e9faits\u00a0<\/span><\/strong><\/p>\n<p style=\"text-align: justify;\"><span style=\"color: #ffffff;\">Si tu consommes toujours, la r\u00e9duction des m\u00e9faits (harm reduction) peut \u00eatre une voie : inform\u00e9e, non jugeante, pratique. \u00a0<\/span><\/p>\n<p style=\"text-align: justify;\"><span style=\"color: #ffffff;\">Cela peut inclure des strat\u00e9gies comme utiliser des doses plus faibles, \u00e9viter de m\u00e9langer des substances, utiliser dans des environnements plus s\u00e9curitaires, etc.\u00a0<\/span><\/p>\n<p style=\"text-align: justify;\"><strong><span style=\"color: #ffffff;\">Autosoins \u00e9motionnels\u00a0<\/span><\/strong><\/p>\n<p style=\"text-align: justify;\"><span style=\"color: #ffffff;\">Techniques de r\u00e9gulation \u00e9motionnelle : respiration, m\u00e9ditation, journal intime, routine de sommeil.\u00a0<\/span><\/p>\n<p style=\"text-align: justify;\"><span style=\"color: #ffffff;\">Construire un plan de crise : savoir \u00e0 qui parler (amis, intervenants, ligne d\u2019aide) quand l\u2019anxi\u00e9t\u00e9 ou l\u2019envie de consommer monte.\u00a0<\/span><\/p>\n<p style=\"text-align: justify;\"><span data-ccp-props=\"{&quot;335551550&quot;:0,&quot;335551620&quot;:0}\" style=\"color: #ffffff;\">\u00a0<\/span><\/p>\n<p>[\/et_pb_text][\/et_pb_column][\/et_pb_row][\/et_pb_section][et_pb_section fb_built=\u00a0\u00bb1&Prime; _builder_version=\u00a0\u00bb4.16&Prime; background_color_gradient_direction=\u00a0\u00bb135deg\u00a0\u00bb global_colors_info=\u00a0\u00bb{}\u00a0\u00bb][et_pb_row _builder_version=\u00a0\u00bb4.16&Prime; background_size=\u00a0\u00bbinitial\u00a0\u00bb background_position=\u00a0\u00bbtop_left\u00a0\u00bb background_repeat=\u00a0\u00bbrepeat\u00a0\u00bb max_width=\u00a0\u00bb900px\u00a0\u00bb use_custom_width=\u00a0\u00bbon\u00a0\u00bb custom_width_px=\u00a0\u00bb900px\u00a0\u00bb global_colors_info=\u00a0\u00bb{}\u00a0\u00bb][et_pb_column type=\u00a0\u00bb4_4&Prime; _builder_version=\u00a0\u00bb4.16&Prime; custom_padding=\u00a0\u00bb|||\u00a0\u00bb global_colors_info=\u00a0\u00bb{}\u00a0\u00bb custom_padding__hover=\u00a0\u00bb|||\u00a0\u00bb][et_pb_text _builder_version=\u00a0\u00bb4.27.4&Prime; text_font=\u00a0\u00bb&#8211;et_global_heading_font||||||||\u00a0\u00bb header_2_font=\u00a0\u00bb|300|||||||\u00a0\u00bb header_2_text_align=\u00a0\u00bbcenter\u00a0\u00bb animation_style=\u00a0\u00bbslide\u00a0\u00bb animation_direction=\u00a0\u00bbleft\u00a0\u00bb global_colors_info=\u00a0\u00bb{}\u00a0\u00bb]<\/p>\n<h4 style=\"text-align: center;\">Stress, anxi\u00e9t\u00e9 et d\u00e9pression chez les enfants et les adolescents<\/h4>\n<p>[\/et_pb_text][et_pb_divider color=\u00a0\u00bb#00c6ff\u00a0\u00bb divider_position=\u00a0\u00bbcenter\u00a0\u00bb divider_weight=\u00a0\u00bb6px\u00a0\u00bb _builder_version=\u00a0\u00bb4.16&Prime; max_width=\u00a0\u00bb20%\u00a0\u00bb module_alignment=\u00a0\u00bbcenter\u00a0\u00bb height=\u00a0\u00bb0px\u00a0\u00bb custom_margin=\u00a0\u00bb50px||60px|\u00a0\u00bb custom_padding=\u00a0\u00bb|||\u00a0\u00bb animation_style=\u00a0\u00bbslide\u00a0\u00bb animation_direction=\u00a0\u00bbright\u00a0\u00bb global_colors_info=\u00a0\u00bb{}\u00a0\u00bb]<\/p>\n<p>\u00a0<\/p>\n<p>[\/et_pb_divider][et_pb_text _builder_version=\u00a0\u00bb4.27.4&Prime; text_font=\u00a0\u00bbInter Tight|300|||||||\u00a0\u00bb text_text_color=\u00a0\u00bb#898989&Prime; text_font_size=\u00a0\u00bb20px\u00a0\u00bb text_orientation=\u00a0\u00bbcenter\u00a0\u00bb module_alignment=\u00a0\u00bbcenter\u00a0\u00bb custom_padding=\u00a0\u00bb||15px|\u00a0\u00bb animation_style=\u00a0\u00bbslide\u00a0\u00bb animation_direction=\u00a0\u00bbleft\u00a0\u00bb hover_enabled=\u00a0\u00bb0&Prime; global_colors_info=\u00a0\u00bb{}\u00a0\u00bb sticky_enabled=\u00a0\u00bb0&Prime;]<\/p>\n<p style=\"text-align: justify;\"><span style=\"color: #000000;\">Les jeunes r\u00e9agissent au stress de fa\u00e7ons diff\u00e9rentes. Vous pouvez souvent rep\u00e9rer les signes t\u00f4t et soutenir votre enfant avant que la situation ne devienne lourde pour lui. Comprendre comment les enfants et les adolescents vivent l\u2019anxi\u00e9t\u00e9 vous aide \u00e0 r\u00e9pondre \u00e0 leurs besoins de fa\u00e7on plus adapt\u00e9e.<\/span><\/p>\n<p>[\/et_pb_text][\/et_pb_column][\/et_pb_row][et_pb_row column_structure=\u00a0\u00bb3_5,2_5&Prime; _builder_version=\u00a0\u00bb4.16&Prime; background_size=\u00a0\u00bbinitial\u00a0\u00bb background_position=\u00a0\u00bbtop_left\u00a0\u00bb background_repeat=\u00a0\u00bbrepeat\u00a0\u00bb custom_padding=\u00a0\u00bb86px|||||\u00a0\u00bb animation_style=\u00a0\u00bbzoom\u00a0\u00bb global_colors_info=\u00a0\u00bb{}\u00a0\u00bb][et_pb_column type=\u00a0\u00bb3_5&Prime; _builder_version=\u00a0\u00bb4.16&Prime; custom_padding=\u00a0\u00bb|||\u00a0\u00bb global_colors_info=\u00a0\u00bb{}\u00a0\u00bb custom_padding__hover=\u00a0\u00bb|||\u00a0\u00bb][et_pb_text _builder_version=\u00a0\u00bb4.27.4&Prime; text_font=\u00a0\u00bb|700||on|||||\u00a0\u00bb text_font_size=\u00a0\u00bb15px\u00a0\u00bb custom_padding=\u00a0\u00bb|||25px\u00a0\u00bb animation_style=\u00a0\u00bbslide\u00a0\u00bb animation_direction=\u00a0\u00bbleft\u00a0\u00bb border_width_left=\u00a0\u00bb5px\u00a0\u00bb border_color_left=\u00a0\u00bb#0dbde0&Prime; global_colors_info=\u00a0\u00bb{}\u00a0\u00bb]<\/p>\n<p>Pour les parents<\/p>\n<p>[\/et_pb_text][et_pb_text _builder_version=\u00a0\u00bb4.27.4&Prime; _module_preset=\u00a0\u00bbdefault\u00a0\u00bb text_font=\u00a0\u00bbInter Tight|300|||||||\u00a0\u00bb global_colors_info=\u00a0\u00bb{}\u00a0\u00bb]<\/p>\n<p data-start=\"635\" data-end=\"956\">Votre r\u00f4le est central. Vous \u00eates la premi\u00e8re source de s\u00e9curit\u00e9 de votre enfant. Lorsque vous observez un changement soudain dans ses habitudes, prenez le temps de vous questionner. Vous remarquez qu\u2019il dort moins bien? Qu\u2019il s\u2019isole? Qu\u2019il mange diff\u00e9remment? Ces changements peuvent \u00eatre li\u00e9s au stress ou \u00e0 l\u2019anxi\u00e9t\u00e9.<\/p>\n<p data-start=\"1331\" data-end=\"1419\" style=\"text-align: justify;\">[\/et_pb_text][\/et_pb_column][et_pb_column type=\u00a0\u00bb2_5&Prime; _builder_version=\u00a0\u00bb4.16&Prime; custom_padding=\u00a0\u00bb|||\u00a0\u00bb global_colors_info=\u00a0\u00bb{}\u00a0\u00bb custom_padding__hover=\u00a0\u00bb|||\u00a0\u00bb][et_pb_text _builder_version=\u00a0\u00bb4.27.4&Prime; _module_preset=\u00a0\u00bbdefault\u00a0\u00bb text_font=\u00a0\u00bbInter Tight|300|||||||\u00a0\u00bb global_colors_info=\u00a0\u00bb{}\u00a0\u00bb]<\/p>\n<p data-start=\"958\" data-end=\"999\"><strong>Vous pouvez agir d\u00e8s les premiers signes.<\/strong><\/p>\n<ul data-start=\"1001\" data-end=\"1329\">\n<li data-start=\"1001\" data-end=\"1037\">\n<p data-start=\"1003\" data-end=\"1037\">Restez disponible et \u00e0 l\u2019\u00e9coute.<\/p>\n<\/li>\n<li data-start=\"1038\" data-end=\"1070\">\n<p data-start=\"1040\" data-end=\"1070\">Posez des questions simples.<\/p>\n<\/li>\n<li data-start=\"1071\" data-end=\"1126\">\n<p data-start=\"1073\" data-end=\"1126\">Laissez-le expliquer ce qu\u2019il ressent \u00e0 son rythme.<\/p>\n<\/li>\n<li data-start=\"1127\" data-end=\"1157\">\n<p data-start=\"1129\" data-end=\"1157\">Offrez une pr\u00e9sence calme.<\/p>\n<\/li>\n<li data-start=\"1158\" data-end=\"1204\">\n<p data-start=\"1160\" data-end=\"1204\">Donnez de l\u2019information adapt\u00e9e \u00e0 son \u00e2ge.<\/p>\n<\/li>\n<li data-start=\"1205\" data-end=\"1248\">\n<p data-start=\"1207\" data-end=\"1248\">\u00c9vitez les commentaires culpabilisants.<\/p>\n<\/li>\n<li data-start=\"1249\" data-end=\"1329\">\n<p data-start=\"1251\" data-end=\"1329\">Cherchez de l\u2019aide lorsque vous sentez que la situation d\u00e9passe vos capacit\u00e9s.<\/p>\n<\/li>\n<\/ul>\n<p data-start=\"1331\" data-end=\"1419\" style=\"text-align: justify;\"><span style=\"color: #d100aa;\"><em>Votre propre niveau de stress influence le sien. Prenez soin de vous pour mieux l\u2019aider.<\/em><\/span><\/p>\n<p>[\/et_pb_text][\/et_pb_column][\/et_pb_row][et_pb_row column_structure=\u00a0\u00bb3_4,1_4&Prime; _builder_version=\u00a0\u00bb4.16&Prime; background_size=\u00a0\u00bbinitial\u00a0\u00bb background_position=\u00a0\u00bbtop_left\u00a0\u00bb background_repeat=\u00a0\u00bbrepeat\u00a0\u00bb custom_padding=\u00a0\u00bb71px|||||\u00a0\u00bb animation_style=\u00a0\u00bbzoom\u00a0\u00bb global_colors_info=\u00a0\u00bb{}\u00a0\u00bb][et_pb_column type=\u00a0\u00bb3_4&Prime; _builder_version=\u00a0\u00bb4.16&Prime; custom_padding=\u00a0\u00bb|||\u00a0\u00bb global_colors_info=\u00a0\u00bb{}\u00a0\u00bb custom_padding__hover=\u00a0\u00bb|||\u00a0\u00bb][et_pb_text _builder_version=\u00a0\u00bb4.27.4&Prime; text_font=\u00a0\u00bb|700||on|||||\u00a0\u00bb text_font_size=\u00a0\u00bb15px\u00a0\u00bb custom_padding=\u00a0\u00bb|||25px\u00a0\u00bb animation_style=\u00a0\u00bbslide\u00a0\u00bb animation_direction=\u00a0\u00bbleft\u00a0\u00bb border_width_left=\u00a0\u00bb5px\u00a0\u00bb border_color_left=\u00a0\u00bb#0dbde0&Prime; global_colors_info=\u00a0\u00bb{}\u00a0\u00bb]<\/p>\n<p>Comprendre le stress et l\u2019anxi\u00e9t\u00e9 chez les <span style=\"text-decoration: underline; color: #00ccff;\"><em><strong>enfants<\/strong><\/em><\/span><\/p>\n<p>[\/et_pb_text][et_pb_text _builder_version=\u00a0\u00bb4.27.4&Prime; _module_preset=\u00a0\u00bbdefault\u00a0\u00bb text_font=\u00a0\u00bbInter Tight|300|||||||\u00a0\u00bb global_colors_info=\u00a0\u00bb{}\u00a0\u00bb]<\/p>\n<p data-start=\"1483\" data-end=\"1659\" style=\"text-align: justify;\"><em>Les enfants ne savent pas toujours expliquer ce qu\u2019ils vivent. Ils expriment souvent leur stress \u00e0 travers leurs comportements. Vous gagnez \u00e0 observer leur routine quotidienne.<\/em><\/p>\n<p data-start=\"1661\" data-end=\"1707\"><span style=\"text-decoration: underline;\"><strong>Pourquoi un enfant peut-il vivre du stress?<\/strong><\/span><\/p>\n<p data-start=\"1709\" data-end=\"1751\"><em>Plusieurs facteurs peuvent entrer en jeu :<\/em><\/p>\n<ul data-start=\"1753\" data-end=\"1960\">\n<li data-start=\"1753\" data-end=\"1784\">\n<p data-start=\"1755\" data-end=\"1784\">changements dans la famille<\/p>\n<\/li>\n<li data-start=\"1785\" data-end=\"1847\">\n<p data-start=\"1787\" data-end=\"1847\">transitions comme un d\u00e9m\u00e9nagement ou un changement d\u2019\u00e9cole<\/p>\n<\/li>\n<li data-start=\"1848\" data-end=\"1871\">\n<p data-start=\"1850\" data-end=\"1871\">pressions scolaires<\/p>\n<\/li>\n<li data-start=\"1872\" data-end=\"1906\">\n<p data-start=\"1874\" data-end=\"1906\">conflits fr\u00e9quents \u00e0 la maison<\/p>\n<\/li>\n<li data-start=\"1907\" data-end=\"1935\">\n<p data-start=\"1909\" data-end=\"1935\">temp\u00e9rament plus r\u00e9serv\u00e9<\/p>\n<\/li>\n<li data-start=\"1936\" data-end=\"1960\">\n<p data-start=\"1938\" data-end=\"1960\">peur de la nouveaut\u00e9<\/p>\n<\/li>\n<\/ul>\n<p data-start=\"1962\" data-end=\"2030\"><em>Certains enfants absorbent aussi le stress des adultes autour d\u2019eux.<\/em><\/p>\n<p data-start=\"1331\" data-end=\"1419\" style=\"text-align: justify;\">\n<p>[\/et_pb_text][et_pb_text _builder_version=\u00a0\u00bb4.27.4&Prime; _module_preset=\u00a0\u00bbdefault\u00a0\u00bb text_font=\u00a0\u00bbInter Tight|300|||||||\u00a0\u00bb global_colors_info=\u00a0\u00bb{}\u00a0\u00bb]<\/p>\n<p data-start=\"2032\" data-end=\"2068\"><span style=\"text-decoration: underline;\"><strong>Signes fr\u00e9quents chez les enfants<\/strong><\/span><\/p>\n<ul data-start=\"2070\" data-end=\"2357\">\n<li data-start=\"2070\" data-end=\"2098\">\n<p data-start=\"2072\" data-end=\"2098\">difficult\u00e9s \u00e0 s\u2019endormir<\/p>\n<\/li>\n<li data-start=\"2099\" data-end=\"2113\">\n<p data-start=\"2101\" data-end=\"2113\">cauchemars<\/p>\n<\/li>\n<li data-start=\"2114\" data-end=\"2141\">\n<p data-start=\"2116\" data-end=\"2141\">diminution de l\u2019app\u00e9tit<\/p>\n<\/li>\n<li data-start=\"2142\" data-end=\"2187\">\n<p data-start=\"2144\" data-end=\"2187\">maux de ventre ou maux de t\u00eate r\u00e9currents<\/p>\n<\/li>\n<li data-start=\"2188\" data-end=\"2220\">\n<p data-start=\"2190\" data-end=\"2220\">refus de certaines activit\u00e9s<\/p>\n<\/li>\n<li data-start=\"2221\" data-end=\"2245\">\n<p data-start=\"2223\" data-end=\"2245\">agitation ou col\u00e8res<\/p>\n<\/li>\n<li data-start=\"2246\" data-end=\"2274\">\n<p data-start=\"2248\" data-end=\"2274\">r\u00e9gression (pipi au lit)<\/p>\n<\/li>\n<li data-start=\"2275\" data-end=\"2311\">\n<p data-start=\"2277\" data-end=\"2311\">besoin de rester coll\u00e9 au parent<\/p>\n<\/li>\n<li data-start=\"2312\" data-end=\"2325\">\n<p data-start=\"2314\" data-end=\"2325\">isolement<\/p>\n<\/li>\n<li data-start=\"2326\" data-end=\"2357\">\n<p data-start=\"2328\" data-end=\"2357\">nombreuses questions r\u00e9p\u00e9t\u00e9es<\/p>\n<\/li>\n<\/ul>\n<p data-start=\"2359\" data-end=\"2504\"><em>Vous remarquez plusieurs de ces comportements pendant plus de quelques semaines? C\u2019est souvent un signal qu\u2019il vit un niveau de stress important.<\/em><\/p>\n<p data-start=\"2506\" data-end=\"2525\"><span style=\"text-decoration: underline;\"><strong>Comment l\u2019aider?<\/strong><\/span><\/p>\n<ul data-start=\"2527\" data-end=\"2879\">\n<li data-start=\"2527\" data-end=\"2562\">\n<p data-start=\"2529\" data-end=\"2562\">Rassurez avec des mots simples.<\/p>\n<\/li>\n<li data-start=\"2563\" data-end=\"2598\">\n<p data-start=\"2565\" data-end=\"2598\">Aidez-le \u00e0 nommer ses \u00e9motions.<\/p>\n<\/li>\n<li data-start=\"2599\" data-end=\"2651\">\n<p data-start=\"2601\" data-end=\"2651\">Expliquez ce qui se passe dans un langage clair.<\/p>\n<\/li>\n<li data-start=\"2652\" data-end=\"2698\">\n<p data-start=\"2654\" data-end=\"2698\">Utilisez le jeu pour l\u2019aider \u00e0 s\u2019exprimer.<\/p>\n<\/li>\n<li data-start=\"2699\" data-end=\"2768\">\n<p data-start=\"2701\" data-end=\"2768\">Encouragez-le \u00e0 participer \u00e0 des activit\u00e9s avec d\u2019autres enfants.<\/p>\n<\/li>\n<li data-start=\"2769\" data-end=\"2797\">\n<p data-start=\"2771\" data-end=\"2797\">Renforcez ses r\u00e9ussites.<\/p>\n<\/li>\n<li data-start=\"2798\" data-end=\"2845\">\n<p data-start=\"2800\" data-end=\"2845\">Introduisez les nouveaut\u00e9s progressivement.<\/p>\n<\/li>\n<li data-start=\"2846\" data-end=\"2879\">\n<p data-start=\"2848\" data-end=\"2879\">Maintenez des routines stables.<\/p>\n<\/li>\n<\/ul>\n<p data-start=\"2881\" data-end=\"2957\"><strong><span style=\"color: #d100aa;\"><em>Si la d\u00e9tresse persiste ou s\u2019aggrave, demandez de l\u2019aide \u00e0 un professionnel.<\/em><\/span><\/strong><\/p>\n<p>[\/et_pb_text][\/et_pb_column][et_pb_column type=\u00a0\u00bb1_4&Prime; _builder_version=\u00a0\u00bb4.16&Prime; custom_padding=\u00a0\u00bb|||\u00a0\u00bb global_colors_info=\u00a0\u00bb{}\u00a0\u00bb custom_padding__hover=\u00a0\u00bb|||\u00a0\u00bb][et_pb_image src=\u00a0\u00bbhttps:\/\/ladernieredose.ca\/wp-content\/uploads\/2025\/11\/dhr8lqry-fu.jpg\u00a0\u00bb alt=\u00a0\u00bba sculpture of a man&rsquo;s head made of colored wires\u00a0\u00bb title_text=\u00a0\u00bbPhoto by Luke Jones\u00a0\u00bb align_tablet=\u00a0\u00bbcenter\u00a0\u00bb align_phone=\u00a0\u00bb\u00a0\u00bb align_last_edited=\u00a0\u00bbon|desktop\u00a0\u00bb _builder_version=\u00a0\u00bb4.27.4&Prime; custom_margin=\u00a0\u00bb-20px|-20px||\u00a0\u00bb custom_padding=\u00a0\u00bb|||\u00a0\u00bb animation_style=\u00a0\u00bbzoom\u00a0\u00bb box_shadow_style=\u00a0\u00bbpreset1&Prime; box_shadow_vertical=\u00a0\u00bb10px\u00a0\u00bb box_shadow_blur=\u00a0\u00bb40px\u00a0\u00bb box_shadow_color=\u00a0\u00bbrgba(0,0,0,0.25)\u00a0\u00bb global_colors_info=\u00a0\u00bb{}\u00a0\u00bb]<\/p>\n<p>\u00a0<\/p>\n<p>[\/et_pb_image][\/et_pb_column][\/et_pb_row][et_pb_row column_structure=\u00a0\u00bb3_4,1_4&Prime; _builder_version=\u00a0\u00bb4.16&Prime; background_size=\u00a0\u00bbinitial\u00a0\u00bb background_position=\u00a0\u00bbtop_left\u00a0\u00bb background_repeat=\u00a0\u00bbrepeat\u00a0\u00bb custom_margin=\u00a0\u00bb71px|auto||auto||\u00a0\u00bb animation_style=\u00a0\u00bbzoom\u00a0\u00bb global_colors_info=\u00a0\u00bb{}\u00a0\u00bb][et_pb_column type=\u00a0\u00bb3_4&Prime; _builder_version=\u00a0\u00bb4.16&Prime; custom_padding=\u00a0\u00bb|||\u00a0\u00bb global_colors_info=\u00a0\u00bb{}\u00a0\u00bb custom_padding__hover=\u00a0\u00bb|||\u00a0\u00bb][et_pb_text _builder_version=\u00a0\u00bb4.27.4&Prime; text_font=\u00a0\u00bb|700||on|||||\u00a0\u00bb text_font_size=\u00a0\u00bb15px\u00a0\u00bb custom_padding=\u00a0\u00bb|||25px\u00a0\u00bb animation_style=\u00a0\u00bbslide\u00a0\u00bb animation_direction=\u00a0\u00bbleft\u00a0\u00bb border_width_left=\u00a0\u00bb5px\u00a0\u00bb border_color_left=\u00a0\u00bb#0dbde0&Prime; global_colors_info=\u00a0\u00bb{}\u00a0\u00bb]<\/p>\n<p>Comprendre le stress, l\u2019anxi\u00e9t\u00e9 et la d\u00e9pression chez les <span style=\"text-decoration: underline;\"><em><span style=\"color: #800080; text-decoration: underline;\">adolescents<\/span><\/em><\/span><\/p>\n<p>[\/et_pb_text][et_pb_text _builder_version=\u00a0\u00bb4.27.4&Prime; _module_preset=\u00a0\u00bbdefault\u00a0\u00bb text_font=\u00a0\u00bbInter Tight|300|||||||\u00a0\u00bb global_colors_info=\u00a0\u00bb{}\u00a0\u00bb]<\/p>\n<p data-start=\"3040\" data-end=\"3289\"><em>L\u2019adolescence est une p\u00e9riode exigeante. Les ados veulent para\u00eetre ind\u00e9pendants, mais ils restent sensibles aux changements, aux attentes et au regard des autres. Ils peuvent cacher ce qu\u2019ils vivent, ce qui rend l\u2019observation encore plus importante.<\/em><\/p>\n<p data-start=\"3291\" data-end=\"3337\"><span style=\"text-decoration: underline;\"><strong>Ce qui peut augmenter le stress chez un ado<\/strong><\/span><\/p>\n<ul data-start=\"3339\" data-end=\"3606\">\n<li data-start=\"3339\" data-end=\"3360\">\n<p data-start=\"3341\" data-end=\"3360\">pression scolaire<\/p>\n<\/li>\n<li data-start=\"3361\" data-end=\"3384\">\n<p data-start=\"3363\" data-end=\"3384\">conflits entre amis<\/p>\n<\/li>\n<li data-start=\"3385\" data-end=\"3406\">\n<p data-start=\"3387\" data-end=\"3406\">rupture amoureuse<\/p>\n<\/li>\n<li data-start=\"3407\" data-end=\"3422\">\n<p data-start=\"3409\" data-end=\"3422\">harc\u00e8lement<\/p>\n<\/li>\n<li data-start=\"3423\" data-end=\"3457\">\n<p data-start=\"3425\" data-end=\"3457\">exposition aux r\u00e9seaux sociaux<\/p>\n<\/li>\n<li data-start=\"3458\" data-end=\"3523\">\n<p data-start=\"3460\" data-end=\"3523\">transition vers le secondaire ou vers un nouvel environnement<\/p>\n<\/li>\n<li data-start=\"3524\" data-end=\"3547\">\n<p data-start=\"3526\" data-end=\"3547\">probl\u00e8mes familiaux<\/p>\n<\/li>\n<li data-start=\"3548\" data-end=\"3606\">\n<p data-start=\"3550\" data-end=\"3606\">attentes li\u00e9es aux performances sportives ou artistiques<\/p>\n<\/li>\n<\/ul>\n<p data-start=\"1331\" data-end=\"1419\" style=\"text-align: justify;\">\n<p>[\/et_pb_text][et_pb_text _builder_version=\u00a0\u00bb4.27.4&Prime; _module_preset=\u00a0\u00bbdefault\u00a0\u00bb text_font=\u00a0\u00bbInter Tight|300|||||||\u00a0\u00bb global_colors_info=\u00a0\u00bb{}\u00a0\u00bb]<\/p>\n<p data-start=\"3608\" data-end=\"3652\"><span style=\"text-decoration: underline;\"><strong>Signes fr\u00e9quents d\u2019anxi\u00e9t\u00e9 ou de d\u00e9tresse<\/strong><\/span><\/p>\n<ul data-start=\"3654\" data-end=\"3982\">\n<li data-start=\"3654\" data-end=\"3687\">\n<p data-start=\"3656\" data-end=\"3687\">perte d\u2019int\u00e9r\u00eat pour les amis<\/p>\n<\/li>\n<li data-start=\"3688\" data-end=\"3722\">\n<p data-start=\"3690\" data-end=\"3722\">baisse des r\u00e9sultats scolaires<\/p>\n<\/li>\n<li data-start=\"3723\" data-end=\"3756\">\n<p data-start=\"3725\" data-end=\"3756\">irritabilit\u00e9 ou col\u00e8re facile<\/p>\n<\/li>\n<li data-start=\"3757\" data-end=\"3780\">\n<p data-start=\"3759\" data-end=\"3780\">troubles du sommeil<\/p>\n<\/li>\n<li data-start=\"3781\" data-end=\"3827\">\n<p data-start=\"3783\" data-end=\"3827\">maux de t\u00eate, palpitations ou tremblements<\/p>\n<\/li>\n<li data-start=\"3828\" data-end=\"3851\">\n<p data-start=\"3830\" data-end=\"3851\">attaques de panique<\/p>\n<\/li>\n<li data-start=\"3852\" data-end=\"3876\">\n<p data-start=\"3854\" data-end=\"3876\">retrait ou isolement<\/p>\n<\/li>\n<li data-start=\"3877\" data-end=\"3916\">\n<p data-start=\"3879\" data-end=\"3916\">consommation d\u2019alcool ou de drogues<\/p>\n<\/li>\n<li data-start=\"3917\" data-end=\"3946\">\n<p data-start=\"3919\" data-end=\"3946\">usage excessif des \u00e9crans<\/p>\n<\/li>\n<li data-start=\"3947\" data-end=\"3982\">\n<p data-start=\"3949\" data-end=\"3982\">difficult\u00e9 \u00e0 accepter les limites<\/p>\n<\/li>\n<\/ul>\n<p data-start=\"3984\" data-end=\"4073\"><span style=\"color: #d100aa;\"><em>Ces signes n\u2019indiquent pas automatiquement un trouble, mais ils m\u00e9ritent votre attention.<\/em><\/span><\/p>\n<p data-start=\"4075\" data-end=\"4109\"><span style=\"text-decoration: underline;\"><strong>Comment soutenir un adolescent?<\/strong><\/span><\/p>\n<ul data-start=\"4111\" data-end=\"4650\">\n<li data-start=\"4111\" data-end=\"4152\">\n<p data-start=\"4113\" data-end=\"4152\">Ouvrez la conversation sans pression.<\/p>\n<\/li>\n<li data-start=\"4153\" data-end=\"4215\">\n<p data-start=\"4155\" data-end=\"4215\">V\u00e9rifiez ce qu\u2019il comprend d\u2019une situation qui le trouble.<\/p>\n<\/li>\n<li data-start=\"4216\" data-end=\"4283\">\n<p data-start=\"4218\" data-end=\"4283\">Donnez l\u2019information de fa\u00e7on directe quand il a des questions.<\/p>\n<\/li>\n<li data-start=\"4284\" data-end=\"4322\">\n<p data-start=\"4286\" data-end=\"4322\">\u00c9vitez les discours moralisateurs.<\/p>\n<\/li>\n<li data-start=\"4323\" data-end=\"4387\">\n<p data-start=\"4325\" data-end=\"4387\">Proposez votre aide, mais laissez-lui une marge d\u2019autonomie.<\/p>\n<\/li>\n<li data-start=\"4388\" data-end=\"4466\">\n<p data-start=\"4390\" data-end=\"4466\">Encouragez de saines habitudes : sommeil, alimentation, activit\u00e9 physique.<\/p>\n<\/li>\n<li data-start=\"4467\" data-end=\"4530\">\n<p data-start=\"4469\" data-end=\"4530\">Parlez des effets de l\u2019alcool et des drogues sur l\u2019anxi\u00e9t\u00e9.<\/p>\n<\/li>\n<li data-start=\"4531\" data-end=\"4593\">\n<p data-start=\"4533\" data-end=\"4593\">Aidez-le \u00e0 identifier ce qui le calme ou lui fait du bien.<\/p>\n<\/li>\n<li data-start=\"4594\" data-end=\"4650\">\n<p data-start=\"4596\" data-end=\"4650\">Accompagnez-le dans une d\u00e9marche d\u2019aide s\u2019il est pr\u00eat.<\/p>\n<\/li>\n<\/ul>\n<p data-start=\"4652\" data-end=\"4750\"><span style=\"color: #d100aa;\"><strong><em>Si vous craignez qu\u2019il pense au suicide ou qu\u2019il soit en danger, demandez de l\u2019aide imm\u00e9diatement.<\/em><\/strong><\/span><\/p>\n<p>[\/et_pb_text][\/et_pb_column][et_pb_column type=\u00a0\u00bb1_4&Prime; _builder_version=\u00a0\u00bb4.16&Prime; custom_padding=\u00a0\u00bb|||\u00a0\u00bb global_colors_info=\u00a0\u00bb{}\u00a0\u00bb custom_padding__hover=\u00a0\u00bb|||\u00a0\u00bb][et_pb_image src=\u00a0\u00bbhttps:\/\/ladernieredose.ca\/wp-content\/uploads\/2025\/11\/zug3j4hu4gm.jpg\u00a0\u00bb alt=\u00a0\u00bbwoman in red tank top\u00a0\u00bb title_text=\u00a0\u00bbPhoto by malte\u00a0\u00bb align_tablet=\u00a0\u00bbcenter\u00a0\u00bb align_phone=\u00a0\u00bb\u00a0\u00bb align_last_edited=\u00a0\u00bbon|desktop\u00a0\u00bb _builder_version=\u00a0\u00bb4.27.4&Prime; custom_margin=\u00a0\u00bb-20px|-20px||\u00a0\u00bb custom_padding=\u00a0\u00bb|||\u00a0\u00bb animation_style=\u00a0\u00bbzoom\u00a0\u00bb box_shadow_style=\u00a0\u00bbpreset1&Prime; box_shadow_vertical=\u00a0\u00bb10px\u00a0\u00bb box_shadow_blur=\u00a0\u00bb40px\u00a0\u00bb box_shadow_color=\u00a0\u00bbrgba(0,0,0,0.25)\u00a0\u00bb global_colors_info=\u00a0\u00bb{}\u00a0\u00bb]<\/p>\n<p>\u00a0<\/p>\n<p>[\/et_pb_image][\/et_pb_column][\/et_pb_row][et_pb_row _builder_version=\u00a0\u00bb4.27.4&Prime; _module_preset=\u00a0\u00bbdefault\u00a0\u00bb global_colors_info=\u00a0\u00bb{}\u00a0\u00bb][et_pb_column type=\u00a0\u00bb4_4&Prime; _builder_version=\u00a0\u00bb4.27.4&Prime; _module_preset=\u00a0\u00bbdefault\u00a0\u00bb global_colors_info=\u00a0\u00bb{}\u00a0\u00bb][et_pb_text _builder_version=\u00a0\u00bb4.27.4&Prime; _module_preset=\u00a0\u00bbdefault\u00a0\u00bb text_font=\u00a0\u00bbInter Tight|300|||||||\u00a0\u00bb text_font_size=\u00a0\u00bb10px\u00a0\u00bb text_line_height=\u00a0\u00bb1.2em\u00a0\u00bb global_colors_info=\u00a0\u00bb{}\u00a0\u00bb]<\/p>\n<p style=\"text-align: justify;\"><em><span style=\"text-decoration: underline;\"><strong>Ressources et r\u00e9f\u00e9rences<\/strong><\/span>\u00a0<\/em><\/p>\n<p><em>Commission de la sant\u00e9 mentale du Canada \u2014 parcours entrecrois\u00e9s sant\u00e9 mentale \/ usage de substances <a href=\"https:\/\/commissionsantementale.ca\/what-we-do\/mental-health-and-substance-use-health\/?utm_source=chatgpt.com\">Commission de la sant\u00e9 mentale du Canada<\/a>\u00a0<\/em><\/p>\n<p><em>INSPQ \u2013 Portrait des troubles li\u00e9s aux substances psychoactives (troubles concomitants) <a href=\"https:\/\/www.inspq.qc.ca\/publications\/2663?utm_source=chatgpt.com\">INSPQ+1<\/a>\u00a0<\/em><\/p>\n<p><em>\u00c9tude sur la comorbidit\u00e9 d\u00e9pression et trouble d\u2019usage au Canada \u2013 risque d\u2019invalidit\u00e9 <a href=\"https:\/\/pubmed.ncbi.nlm.nih.gov\/38070745\/?utm_source=chatgpt.com\">PubMed<\/a>\u00a0<\/em><\/p>\n<p><em>Recherche sur l\u2019autom\u00e9dication comme voie vers la d\u00e9pendance (NESARC) <a href=\"https:\/\/pubmed.ncbi.nlm.nih.gov\/22697205\/?utm_source=chatgpt.com\">PubMed<\/a>\u00a0<\/em><\/p>\n<p><em>\u00c9tude sur l\u2019autom\u00e9dication chez les troubles d\u2019anxi\u00e9t\u00e9 <a href=\"https:\/\/pubmed.ncbi.nlm.nih.gov\/21810645\/?utm_source=chatgpt.com\">PubMed<\/a>\u00a0<\/em><\/p>\n<p><em>ISSUP \u2014 explication des diff\u00e9rentes origines de la comorbidit\u00e9 <a href=\"https:\/\/www.issup.net\/fr\/knowledge-share\/resources\/2019-10\/comorbidite-et-retablissement?utm_source=chatgpt.com\">issup.net<\/a>\u00a0<\/em><\/p>\n<p><em>Statistiques sur les d\u00e9pendances et la sant\u00e9 mentale au Canada \u2014 Association canadienne de sant\u00e9 publique <a href=\"https:\/\/www.cpha.ca\/fr\/sante-mentale-dependances?utm_source=chatgpt.com\">cpha.ca<\/a>\u00a0<\/em><\/p>\n<p><em>\u00a0<\/em><\/p>\n<p>[\/et_pb_text][\/et_pb_column][\/et_pb_row][\/et_pb_section][et_pb_section fb_built=\u00a0\u00bb1&Prime; _builder_version=\u00a0\u00bb4.27.4&Prime; use_background_color_gradient=\u00a0\u00bbon\u00a0\u00bb background_color_gradient_direction=\u00a0\u00bb135deg\u00a0\u00bb background_color_gradient_stops=\u00a0\u00bb#7336df 17%|#4fa3eb 100%\u00a0\u00bb background_color_gradient_start=\u00a0\u00bb#7336df\u00a0\u00bb background_color_gradient_start_position=\u00a0\u00bb17%\u00a0\u00bb background_color_gradient_end=\u00a0\u00bb#4fa3eb\u00a0\u00bb background_image=\u00a0\u00bbhttps:\/\/ladernieredose.ca\/wp-content\/uploads\/2025\/11\/mc852jack1g-1.jpg\u00a0\u00bb hover_enabled=\u00a0\u00bb0&Prime; box_shadow_style=\u00a0\u00bbpreset3&Prime; box_shadow_vertical=\u00a0\u00bb-12px\u00a0\u00bb box_shadow_position=\u00a0\u00bbinner\u00a0\u00bb global_colors_info=\u00a0\u00bb{}\u00a0\u00bb theme_builder_area=\u00a0\u00bbpost_content\u00a0\u00bb alt=\u00a0\u00bbwoman&rsquo;s portrait\u00a0\u00bb title_text=\u00a0\u00bbPhoto by Camila Quintero Franco\u00a0\u00bb sticky_enabled=\u00a0\u00bb0&Prime; parallax=\u00a0\u00bbon\u00a0\u00bb][et_pb_row use_custom_gutter=\u00a0\u00bbon\u00a0\u00bb gutter_width=\u00a0\u00bb1&Prime; _builder_version=\u00a0\u00bb4.16&Prime; background_size=\u00a0\u00bbinitial\u00a0\u00bb background_position=\u00a0\u00bbtop_left\u00a0\u00bb background_repeat=\u00a0\u00bbrepeat\u00a0\u00bb custom_padding=\u00a0\u00bb75px||75px|\u00a0\u00bb global_colors_info=\u00a0\u00bb{}\u00a0\u00bb theme_builder_area=\u00a0\u00bbpost_content\u00a0\u00bb][et_pb_column type=\u00a0\u00bb4_4&Prime; _builder_version=\u00a0\u00bb4.16&Prime; custom_padding=\u00a0\u00bb|||\u00a0\u00bb global_colors_info=\u00a0\u00bb{}\u00a0\u00bb custom_padding__hover=\u00a0\u00bb|||\u00a0\u00bb theme_builder_area=\u00a0\u00bbpost_content\u00a0\u00bb][et_pb_text _builder_version=\u00a0\u00bb4.16&Prime; header_2_font=\u00a0\u00bb|700|||||||\u00a0\u00bb background_layout=\u00a0\u00bbdark\u00a0\u00bb custom_padding=\u00a0\u00bb30px|30px|30px|30px\u00a0\u00bb animation_style=\u00a0\u00bbslide\u00a0\u00bb animation_direction=\u00a0\u00bbleft\u00a0\u00bb header_2_font_size_tablet=\u00a0\u00bb\u00a0\u00bb header_2_font_size_phone=\u00a0\u00bb36px\u00a0\u00bb header_2_font_size_last_edited=\u00a0\u00bbon|phone\u00a0\u00bb border_width_left=\u00a0\u00bb8px\u00a0\u00bb border_color_left=\u00a0\u00bb#329fd3&Prime; global_colors_info=\u00a0\u00bb{}\u00a0\u00bb theme_builder_area=\u00a0\u00bbpost_content\u00a0\u00bb]<\/p>\n<h2>Besoin d&rsquo;aide ?<\/h2>\n<p>[\/et_pb_text][\/et_pb_column][\/et_pb_row][et_pb_row column_structure=\u00a0\u00bb1_3,1_3,1_3&Prime; use_custom_gutter=\u00a0\u00bbon\u00a0\u00bb make_equal=\u00a0\u00bbon\u00a0\u00bb _builder_version=\u00a0\u00bb4.27.4&Prime; _module_preset=\u00a0\u00bbdefault\u00a0\u00bb background_color=\u00a0\u00bbRGBA(255,255,255,0)\u00a0\u00bb background_enable_image=\u00a0\u00bboff\u00a0\u00bb height=\u00a0\u00bb563px\u00a0\u00bb max_height=\u00a0\u00bb563px\u00a0\u00bb global_colors_info=\u00a0\u00bb{}\u00a0\u00bb theme_builder_area=\u00a0\u00bbpost_content\u00a0\u00bb][et_pb_column type=\u00a0\u00bb1_3&Prime; _builder_version=\u00a0\u00bb4.27.4&Prime; _module_preset=\u00a0\u00bbdefault\u00a0\u00bb background_enable_image=\u00a0\u00bboff\u00a0\u00bb overflow-x=\u00a0\u00bbhidden\u00a0\u00bb overflow-y=\u00a0\u00bbhidden\u00a0\u00bb custom_padding=\u00a0\u00bb10%|8%|10%|8%|true|true\u00a0\u00bb custom_padding_tablet=\u00a0\u00bb15%|15%|15%|15%|true|true\u00a0\u00bb custom_padding_phone=\u00a0\u00bb35%|15%|35%|15%|true|true\u00a0\u00bb custom_padding_last_edited=\u00a0\u00bbon|desktop\u00a0\u00bb custom_css_main_element=\u00a0\u00bb-webkit-backdrop-filter: blur(10px);||backdrop-filter: blur(10px);\u00a0\u00bb global_colors_info=\u00a0\u00bb{}\u00a0\u00bb theme_builder_area=\u00a0\u00bbpost_content\u00a0\u00bb][et_pb_text admin_label=\u00a0\u00bbBlurred Image Overlay\u00a0\u00bb _builder_version=\u00a0\u00bb4.27.4&Prime; _module_preset=\u00a0\u00bbdefault\u00a0\u00bb background_color=\u00a0\u00bbrgba(255,255,255,0.3)\u00a0\u00bb positioning=\u00a0\u00bbabsolute\u00a0\u00bb position_origin_a=\u00a0\u00bbcenter_center\u00a0\u00bb width=\u00a0\u00bb80%\u00a0\u00bb height=\u00a0\u00bb80%\u00a0\u00bb animation_style=\u00a0\u00bbfade\u00a0\u00bb animation_duration=\u00a0\u00bb1300ms\u00a0\u00bb animation_delay=\u00a0\u00bb50ms\u00a0\u00bb hover_enabled=\u00a0\u00bb0&Prime; global_colors_info=\u00a0\u00bb{}\u00a0\u00bb content__hover_enabled=\u00a0\u00bbon|hover\u00a0\u00bb background__hover_enabled=\u00a0\u00bbon|hover\u00a0\u00bb header_text_color__hover_enabled=\u00a0\u00bbon|hover\u00a0\u00bb text_text_color__hover_enabled=\u00a0\u00bbon|hover\u00a0\u00bb text_text_color__hover=\u00a0\u00bb#000000&Prime; content__hover=\u00a0\u00bb\u00a0\u00bb background_color__hover=\u00a0\u00bbrgba(255,255,255,0.6)\u00a0\u00bb background_enable_color__hover=\u00a0\u00bbon\u00a0\u00bb theme_builder_area=\u00a0\u00bbpost_content\u00a0\u00bb sticky_enabled=\u00a0\u00bb0&Prime;][\/et_pb_text][et_pb_testimonial author=\u00a0\u00bbDr. Gabor Mat\u00e9\u00a0\u00bb job_title=\u00a0\u00bbIn the realm of the hungry ghosts\u00a0\u00bb portrait_url=\u00a0\u00bbhttps:\/\/ladernieredose.ca\/wp-content\/uploads\/2025\/11\/Gabor_Mate_-_01_cropped-Copie-1.jpeg\u00a0\u00bb quote_icon_color=\u00a0\u00bb#00B7EA\u00a0\u00bb quote_icon_background_color=\u00a0\u00bb#ffffff\u00a0\u00bb _builder_version=\u00a0\u00bb4.27.4&Prime; _module_preset=\u00a0\u00bbdefault\u00a0\u00bb body_font=\u00a0\u00bb&#8211;et_global_body_font||||||||\u00a0\u00bb author_font=\u00a0\u00bb&#8211;et_global_body_font|700|||||||\u00a0\u00bb position_font=\u00a0\u00bb&#8211;et_global_body_font||on||||||\u00a0\u00bb position_text_color=\u00a0\u00bb#ffffff\u00a0\u00bb position_font_size=\u00a0\u00bb14px\u00a0\u00bb position_line_height=\u00a0\u00bb1.2em\u00a0\u00bb company_font=\u00a0\u00bb&#8211;et_global_body_font||||||||\u00a0\u00bb background_color=\u00a0\u00bbRGBA(255,255,255,0)\u00a0\u00bb text_orientation=\u00a0\u00bbjustified\u00a0\u00bb custom_margin=\u00a0\u00bb|-30px||-30px|false|true\u00a0\u00bb custom_padding=\u00a0\u00bb|10px||10px|false|true\u00a0\u00bb global_colors_info=\u00a0\u00bb{}\u00a0\u00bb portrait_url__hover_enabled=\u00a0\u00bbon|desktop\u00a0\u00bb author__hover_enabled=\u00a0\u00bboff|hover\u00a0\u00bb background__hover_enabled=\u00a0\u00bbon|desktop\u00a0\u00bb background_color__hover=\u00a0\u00bbRGBA(255,255,255,0)\u00a0\u00bb background_enable_color__hover=\u00a0\u00bbon\u00a0\u00bb author__hover=\u00a0\u00bbDr. Gabor Mat\u00e9\u00a0\u00bb job_title__hover_enabled=\u00a0\u00bboff|hover\u00a0\u00bb portrait_url__hover=\u00a0\u00bbhttps:\/\/ladernieredose.ca\/wp-content\/uploads\/2025\/11\/Gabor_Mate_-_01_cropped-Copie-1.jpeg\u00a0\u00bb theme_builder_area=\u00a0\u00bbpost_content\u00a0\u00bb]<\/p>\n<p>\u00ab Ne demandez pas pourquoi la d\u00e9pendance, demandez plut\u00f4t pourquoi la douleur. \u00bb<\/p>\n<p>[\/et_pb_testimonial][\/et_pb_column][et_pb_column type=\u00a0\u00bb1_3&Prime; _builder_version=\u00a0\u00bb4.27.4&Prime; _module_preset=\u00a0\u00bbdefault\u00a0\u00bb background_enable_image=\u00a0\u00bboff\u00a0\u00bb overflow-x=\u00a0\u00bbhidden\u00a0\u00bb overflow-y=\u00a0\u00bbhidden\u00a0\u00bb custom_padding=\u00a0\u00bb10%|8%|10%|8%|true|true\u00a0\u00bb custom_padding_tablet=\u00a0\u00bb15%|15%|15%|15%|true|true\u00a0\u00bb custom_padding_phone=\u00a0\u00bb35%|15%|35%|15%|true|true\u00a0\u00bb custom_padding_last_edited=\u00a0\u00bbon|desktop\u00a0\u00bb custom_css_main_element=\u00a0\u00bb-webkit-backdrop-filter: blur(10px);||backdrop-filter: blur(10px);\u00a0\u00bb global_colors_info=\u00a0\u00bb{}\u00a0\u00bb theme_builder_area=\u00a0\u00bbpost_content\u00a0\u00bb][et_pb_text admin_label=\u00a0\u00bbBlurred Image Overlay\u00a0\u00bb _builder_version=\u00a0\u00bb4.27.4&Prime; _module_preset=\u00a0\u00bbdefault\u00a0\u00bb background_color=\u00a0\u00bbrgba(255,255,255,0.3)\u00a0\u00bb positioning=\u00a0\u00bbabsolute\u00a0\u00bb position_origin_a=\u00a0\u00bbcenter_center\u00a0\u00bb width=\u00a0\u00bb80%\u00a0\u00bb height=\u00a0\u00bb80%\u00a0\u00bb animation_style=\u00a0\u00bbfade\u00a0\u00bb animation_duration=\u00a0\u00bb1300ms\u00a0\u00bb animation_delay=\u00a0\u00bb50ms\u00a0\u00bb global_colors_info=\u00a0\u00bb{}\u00a0\u00bb content__hover_enabled=\u00a0\u00bbon|hover\u00a0\u00bb background__hover_enabled=\u00a0\u00bbon|hover\u00a0\u00bb header_text_color__hover_enabled=\u00a0\u00bbon|hover\u00a0\u00bb text_text_color__hover_enabled=\u00a0\u00bbon|hover\u00a0\u00bb text_text_color__hover=\u00a0\u00bb#000000&Prime; content__hover=\u00a0\u00bb\u00a0\u00bb theme_builder_area=\u00a0\u00bbpost_content\u00a0\u00bb][\/et_pb_text][et_pb_testimonial author=\u00a0\u00bbJohann Hari\u00a0\u00bb job_title=\u00a0\u00bbChasing the scream\u00a0\u00bb portrait_url=\u00a0\u00bbhttps:\/\/ladernieredose.ca\/wp-content\/uploads\/2025\/11\/2018_02_johann_hari_web-Copie-1.jpg\u00a0\u00bb quote_icon_color=\u00a0\u00bb#00B7EA\u00a0\u00bb quote_icon_background_color=\u00a0\u00bb#ffffff\u00a0\u00bb _builder_version=\u00a0\u00bb4.27.4&Prime; _module_preset=\u00a0\u00bbdefault\u00a0\u00bb body_font=\u00a0\u00bb&#8211;et_global_body_font||||||||\u00a0\u00bb author_font=\u00a0\u00bb&#8211;et_global_body_font|700|||||||\u00a0\u00bb position_font=\u00a0\u00bb&#8211;et_global_body_font||on||||||\u00a0\u00bb position_text_color=\u00a0\u00bb#ffffff\u00a0\u00bb position_font_size=\u00a0\u00bb14px\u00a0\u00bb position_line_height=\u00a0\u00bb1.2em\u00a0\u00bb company_font=\u00a0\u00bb&#8211;et_global_body_font||||||||\u00a0\u00bb background_color=\u00a0\u00bbRGBA(255,255,255,0)\u00a0\u00bb text_orientation=\u00a0\u00bbjustified\u00a0\u00bb custom_margin=\u00a0\u00bb|-30px||-30px|false|true\u00a0\u00bb custom_padding=\u00a0\u00bb|10px||10px|false|true\u00a0\u00bb global_colors_info=\u00a0\u00bb{}\u00a0\u00bb portrait_url__hover_enabled=\u00a0\u00bbon|hover\u00a0\u00bb author__hover_enabled=\u00a0\u00bbon|hover\u00a0\u00bb background__hover_enabled=\u00a0\u00bbon|desktop\u00a0\u00bb background_color__hover=\u00a0\u00bbRGBA(255,255,255,0)\u00a0\u00bb background_enable_color__hover=\u00a0\u00bbon\u00a0\u00bb author__hover=\u00a0\u00bbJohann Hari\u00a0\u00bb portrait_url__hover=\u00a0\u00bbhttps:\/\/ladernieredose.ca\/wp-content\/uploads\/2025\/11\/2018_02_johann_hari_web-Copie-1.jpg\u00a0\u00bb theme_builder_area=\u00a0\u00bbpost_content\u00a0\u00bb]<\/p>\n<p>\u00ab Ne demandez pas pourquoi la d\u00e9pendance, demandez plut\u00f4t pourquoi la douleur. \u00bb<\/p>\n<p>[\/et_pb_testimonial][\/et_pb_column][et_pb_column type=\u00a0\u00bb1_3&Prime; _builder_version=\u00a0\u00bb4.27.4&Prime; _module_preset=\u00a0\u00bbdefault\u00a0\u00bb background_enable_image=\u00a0\u00bboff\u00a0\u00bb overflow-x=\u00a0\u00bbhidden\u00a0\u00bb overflow-y=\u00a0\u00bbhidden\u00a0\u00bb custom_padding=\u00a0\u00bb10%|8%|10%|8%|true|true\u00a0\u00bb custom_padding_tablet=\u00a0\u00bb15%|15%|15%|15%|true|true\u00a0\u00bb custom_padding_phone=\u00a0\u00bb35%|15%|35%|15%|true|true\u00a0\u00bb custom_padding_last_edited=\u00a0\u00bbon|desktop\u00a0\u00bb custom_css_main_element=\u00a0\u00bb-webkit-backdrop-filter: blur(10px);||backdrop-filter: blur(10px);\u00a0\u00bb global_colors_info=\u00a0\u00bb{}\u00a0\u00bb theme_builder_area=\u00a0\u00bbpost_content\u00a0\u00bb][et_pb_text admin_label=\u00a0\u00bbBlurred Image Overlay\u00a0\u00bb _builder_version=\u00a0\u00bb4.27.4&Prime; _module_preset=\u00a0\u00bbdefault\u00a0\u00bb background_color=\u00a0\u00bbrgba(255,255,255,0.3)\u00a0\u00bb positioning=\u00a0\u00bbabsolute\u00a0\u00bb position_origin_a=\u00a0\u00bbcenter_center\u00a0\u00bb width=\u00a0\u00bb80%\u00a0\u00bb height=\u00a0\u00bb80%\u00a0\u00bb animation_style=\u00a0\u00bbfade\u00a0\u00bb animation_duration=\u00a0\u00bb1300ms\u00a0\u00bb animation_delay=\u00a0\u00bb50ms\u00a0\u00bb global_colors_info=\u00a0\u00bb{}\u00a0\u00bb content__hover_enabled=\u00a0\u00bbon|hover\u00a0\u00bb background__hover_enabled=\u00a0\u00bbon|hover\u00a0\u00bb header_text_color__hover_enabled=\u00a0\u00bbon|hover\u00a0\u00bb text_text_color__hover_enabled=\u00a0\u00bbon|hover\u00a0\u00bb text_text_color__hover=\u00a0\u00bb#000000&Prime; content__hover=\u00a0\u00bb\u00a0\u00bb theme_builder_area=\u00a0\u00bbpost_content\u00a0\u00bb][\/et_pb_text][et_pb_testimonial author=\u00a0\u00bbJamie Lee-Curtis\u00a0\u00bb job_title=\u00a0\u00bbActrice am\u00e9ricaine\u00a0\u00bb portrait_url=\u00a0\u00bbhttps:\/\/ladernieredose.ca\/wp-content\/uploads\/2025\/12\/jamieleecurtis-76-272&#215;378-1.jpg\u00a0\u00bb quote_icon_color=\u00a0\u00bb#00B7EA\u00a0\u00bb quote_icon_background_color=\u00a0\u00bb#ffffff\u00a0\u00bb _builder_version=\u00a0\u00bb4.27.4&Prime; _module_preset=\u00a0\u00bbdefault\u00a0\u00bb body_font=\u00a0\u00bb&#8211;et_global_body_font||||||||\u00a0\u00bb author_font=\u00a0\u00bb&#8211;et_global_body_font|700|||||||\u00a0\u00bb position_font=\u00a0\u00bb&#8211;et_global_body_font||on||||||\u00a0\u00bb position_text_color=\u00a0\u00bb#ffffff\u00a0\u00bb position_font_size=\u00a0\u00bb14px\u00a0\u00bb position_line_height=\u00a0\u00bb1.2em\u00a0\u00bb company_font=\u00a0\u00bb&#8211;et_global_body_font||||||||\u00a0\u00bb background_color=\u00a0\u00bbRGBA(255,255,255,0)\u00a0\u00bb text_orientation=\u00a0\u00bbjustified\u00a0\u00bb custom_margin=\u00a0\u00bb|-30px||-30px|false|true\u00a0\u00bb custom_padding=\u00a0\u00bb|10px||10px|false|true\u00a0\u00bb global_colors_info=\u00a0\u00bb{}\u00a0\u00bb portrait_url__hover_enabled=\u00a0\u00bbon|hover\u00a0\u00bb author__hover_enabled=\u00a0\u00bbon|hover\u00a0\u00bb background__hover_enabled=\u00a0\u00bbon|desktop\u00a0\u00bb background_color__hover=\u00a0\u00bbRGBA(255,255,255,0)\u00a0\u00bb background_enable_color__hover=\u00a0\u00bbon\u00a0\u00bb author__hover=\u00a0\u00bbJamie Lee-Curtis\u00a0\u00bb portrait_url__hover=\u00a0\u00bbhttps:\/\/ladernieredose.ca\/wp-content\/uploads\/2025\/12\/jamieleecurtis-76-272&#215;378-1.jpg\u00a0\u00bb theme_builder_area=\u00a0\u00bbpost_content\u00a0\u00bb]<\/p>\n<p>\u00ab Le r\u00e9tablissement est une acceptation que votre vie est en pagaille et que vous devez la changer. \u00bb<\/p>\n<p>[\/et_pb_testimonial][\/et_pb_column][\/et_pb_row][et_pb_row _builder_version=\u00a0\u00bb4.16&Prime; background_size=\u00a0\u00bbinitial\u00a0\u00bb background_position=\u00a0\u00bbtop_left\u00a0\u00bb background_repeat=\u00a0\u00bbrepeat\u00a0\u00bb global_colors_info=\u00a0\u00bb{}\u00a0\u00bb theme_builder_area=\u00a0\u00bbpost_content\u00a0\u00bb][et_pb_column type=\u00a0\u00bb4_4&Prime; _builder_version=\u00a0\u00bb4.16&Prime; custom_padding=\u00a0\u00bb|||\u00a0\u00bb global_colors_info=\u00a0\u00bb{}\u00a0\u00bb custom_padding__hover=\u00a0\u00bb|||\u00a0\u00bb theme_builder_area=\u00a0\u00bbpost_content\u00a0\u00bb][et_pb_button button_url=\u00a0\u00bb#\u00a0\u00bb button_text=\u00a0\u00bbLire plus de citations percutantes\u00a0\u00bb button_alignment=\u00a0\u00bbcenter\u00a0\u00bb _builder_version=\u00a0\u00bb4.27.4&Prime; custom_button=\u00a0\u00bbon\u00a0\u00bb button_text_size=\u00a0\u00bb18&Prime; button_bg_color=\u00a0\u00bb#33b5dc\u00a0\u00bb button_border_radius=\u00a0\u00bb50&Prime; button_use_icon=\u00a0\u00bboff\u00a0\u00bb background_layout=\u00a0\u00bbdark\u00a0\u00bb custom_padding=\u00a0\u00bb15px|35px|15px|35px\u00a0\u00bb animation_style=\u00a0\u00bbzoom\u00a0\u00bb box_shadow_style=\u00a0\u00bbpreset1&Prime; box_shadow_vertical=\u00a0\u00bb3px\u00a0\u00bb box_shadow_blur=\u00a0\u00bb25px\u00a0\u00bb button_text_color_hover=\u00a0\u00bb#29159b\u00a0\u00bb global_colors_info=\u00a0\u00bb{}\u00a0\u00bb button_text_size__hover_enabled=\u00a0\u00bboff\u00a0\u00bb button_one_text_size__hover_enabled=\u00a0\u00bboff\u00a0\u00bb button_two_text_size__hover_enabled=\u00a0\u00bboff\u00a0\u00bb button_text_color__hover_enabled=\u00a0\u00bbon|hover\u00a0\u00bb button_text_color__hover=\u00a0\u00bb#d100aa\u00a0\u00bb button_one_text_color__hover_enabled=\u00a0\u00bboff\u00a0\u00bb button_two_text_color__hover_enabled=\u00a0\u00bboff\u00a0\u00bb button_border_width__hover_enabled=\u00a0\u00bboff\u00a0\u00bb button_one_border_width__hover_enabled=\u00a0\u00bboff\u00a0\u00bb button_two_border_width__hover_enabled=\u00a0\u00bboff\u00a0\u00bb button_border_color__hover_enabled=\u00a0\u00bboff\u00a0\u00bb button_one_border_color__hover_enabled=\u00a0\u00bboff\u00a0\u00bb button_two_border_color__hover_enabled=\u00a0\u00bboff\u00a0\u00bb button_border_radius__hover_enabled=\u00a0\u00bboff\u00a0\u00bb button_one_border_radius__hover_enabled=\u00a0\u00bboff\u00a0\u00bb button_two_border_radius__hover_enabled=\u00a0\u00bboff\u00a0\u00bb button_letter_spacing__hover_enabled=\u00a0\u00bboff\u00a0\u00bb button_one_letter_spacing__hover_enabled=\u00a0\u00bboff\u00a0\u00bb button_two_letter_spacing__hover_enabled=\u00a0\u00bboff\u00a0\u00bb button_bg_color__hover_enabled=\u00a0\u00bboff\u00a0\u00bb button_one_bg_color__hover_enabled=\u00a0\u00bboff\u00a0\u00bb button_two_bg_color__hover_enabled=\u00a0\u00bboff\u00a0\u00bb theme_builder_area=\u00a0\u00bbpost_content\u00a0\u00bb][\/et_pb_button][\/et_pb_column][\/et_pb_row][\/et_pb_section][et_pb_section fb_built=\u00a0\u00bb1&Prime; _builder_version=\u00a0\u00bb4.27.4&Prime; background_color=\u00a0\u00bb#ffffff\u00a0\u00bb background_enable_image=\u00a0\u00bboff\u00a0\u00bb top_divider_style=\u00a0\u00bbwave2&Prime; top_divider_color=\u00a0\u00bb#5600B2&Prime; top_divider_height=\u00a0\u00bb403px\u00a0\u00bb top_divider_repeat=\u00a0\u00bb1x\u00a0\u00bb bottom_divider_style=\u00a0\u00bbwave2&Prime; bottom_divider_color=\u00a0\u00bb#5600B2&Prime; bottom_divider_height=\u00a0\u00bb351px\u00a0\u00bb bottom_divider_repeat=\u00a0\u00bb1x\u00a0\u00bb hover_transition_duration=\u00a0\u00bb4000ms\u00a0\u00bb hover_transition_speed_curve=\u00a0\u00bbease-in-out\u00a0\u00bb global_colors_info=\u00a0\u00bb{}\u00a0\u00bb top_divider_height__hover_enabled=\u00a0\u00bbon|desktop\u00a0\u00bb bottom_divider_height__hover_enabled=\u00a0\u00bbon|hover\u00a0\u00bb bottom_divider_height__hover=\u00a0\u00bb60%\u00a0\u00bb top_divider_height__hover=\u00a0\u00bb60%\u00a0\u00bb background__hover_enabled=\u00a0\u00bbon|desktop\u00a0\u00bb background_color__hover=\u00a0\u00bb#ffffff\u00a0\u00bb background_enable_color__hover=\u00a0\u00bbon\u00a0\u00bb][et_pb_row _builder_version=\u00a0\u00bb4.16&Prime; background_size=\u00a0\u00bbinitial\u00a0\u00bb background_position=\u00a0\u00bbtop_left\u00a0\u00bb background_repeat=\u00a0\u00bbrepeat\u00a0\u00bb global_colors_info=\u00a0\u00bb{}\u00a0\u00bb][et_pb_column type=\u00a0\u00bb4_4&Prime; _builder_version=\u00a0\u00bb4.16&Prime; custom_padding=\u00a0\u00bb|||\u00a0\u00bb global_colors_info=\u00a0\u00bb{}\u00a0\u00bb custom_padding__hover=\u00a0\u00bb|||\u00a0\u00bb][et_pb_text _builder_version=\u00a0\u00bb4.27.4&Prime; text_font=\u00a0\u00bb&#8211;et_global_heading_font|800|||||||\u00a0\u00bb header_2_font=\u00a0\u00bb|700|||||||\u00a0\u00bb header_2_text_align=\u00a0\u00bbcenter\u00a0\u00bb background_layout=\u00a0\u00bbdark\u00a0\u00bb custom_padding=\u00a0\u00bb||25px|\u00a0\u00bb animation_style=\u00a0\u00bbslide\u00a0\u00bb animation_direction=\u00a0\u00bbleft\u00a0\u00bb global_colors_info=\u00a0\u00bb{}\u00a0\u00bb]<\/p>\n<h4><strong>Besoin d&rsquo;aide ?<\/strong><\/h4>\n<p>[\/et_pb_text][\/et_pb_column][\/et_pb_row][et_pb_row column_structure=\u00a0\u00bb1_3,1_3,1_3&Prime; _builder_version=\u00a0\u00bb4.27.4&Prime; background_size=\u00a0\u00bbinitial\u00a0\u00bb background_position=\u00a0\u00bbtop_left\u00a0\u00bb background_repeat=\u00a0\u00bbrepeat\u00a0\u00bb height=\u00a0\u00bb1000px\u00a0\u00bb animation_style=\u00a0\u00bbzoom\u00a0\u00bb global_colors_info=\u00a0\u00bb{}\u00a0\u00bb][et_pb_column type=\u00a0\u00bb1_3&Prime; _builder_version=\u00a0\u00bb4.16&Prime; background_color=\u00a0\u00bb#ffffff\u00a0\u00bb custom_padding=\u00a0\u00bb|||\u00a0\u00bb global_colors_info=\u00a0\u00bb{}\u00a0\u00bb custom_padding__hover=\u00a0\u00bb|||\u00a0\u00bb][et_pb_image src=\u00a0\u00bbhttps:\/\/ladernieredose.ca\/wp-content\/uploads\/2025\/11\/574581136_122192759786872928_6107401801593999584_n-2.jpg\u00a0\u00bb title_text=\u00a0\u00bb574581136_122192759786872928_6107401801593999584_n\u00a0\u00bb align_tablet=\u00a0\u00bbcenter\u00a0\u00bb align_phone=\u00a0\u00bb\u00a0\u00bb align_last_edited=\u00a0\u00bbon|desktop\u00a0\u00bb _builder_version=\u00a0\u00bb4.27.4&Prime; height=\u00a0\u00bb547px\u00a0\u00bb custom_margin=\u00a0\u00bb|-1px|||false|false\u00a0\u00bb box_shadow_style=\u00a0\u00bbpreset1&Prime; box_shadow_vertical=\u00a0\u00bb10px\u00a0\u00bb box_shadow_blur=\u00a0\u00bb40px\u00a0\u00bb always_center_on_mobile=\u00a0\u00bbon\u00a0\u00bb global_colors_info=\u00a0\u00bb{}\u00a0\u00bb]<\/p>\n<p>\u00a0<\/p>\n<p>[\/et_pb_image][et_pb_text _builder_version=\u00a0\u00bb4.27.4&Prime; text_font=\u00a0\u00bb|700|||||||\u00a0\u00bb custom_padding=\u00a0\u00bb15px|||25px\u00a0\u00bb global_colors_info=\u00a0\u00bb{}\u00a0\u00bb]<\/p>\n<p>Tu te sens d\u00e9pass\u00e9 ou tu t\u2019inqui\u00e8tes pour un proche ? Discute avec un intervenant.<\/p>\n<p>[\/et_pb_text][et_pb_text _builder_version=\u00a0\u00bb4.27.4&Prime; text_font=\u00a0\u00bb||||||||\u00a0\u00bb text_line_height=\u00a0\u00bb1.6em\u00a0\u00bb custom_padding=\u00a0\u00bb|25px|15px|25px\u00a0\u00bb global_colors_info=\u00a0\u00bb{}\u00a0\u00bb]<\/p>\n<p><a href=\"https:\/\/suicide.ca\/fr\">Informations g\u00e9n\u00e9rales<\/a><\/p>\n<p><a href=\"https:\/\/suicide.ca\/fr\/clavarder-avec-un-intervenant\">Clavarder avec un.e intervenant.e<\/a><\/p>\n<p>Envoi un texto au <strong>535353<\/strong><\/p>\n<p>Parle avec un.e intervenant.e au <strong>1-866-APPELLE<\/strong><\/p>\n<p>[\/et_pb_text][\/et_pb_column][et_pb_column type=\u00a0\u00bb1_3&Prime; _builder_version=\u00a0\u00bb4.16&Prime; background_color=\u00a0\u00bb#ffffff\u00a0\u00bb custom_padding=\u00a0\u00bb|||\u00a0\u00bb global_colors_info=\u00a0\u00bb{}\u00a0\u00bb custom_padding__hover=\u00a0\u00bb|||\u00a0\u00bb][et_pb_image src=\u00a0\u00bbhttps:\/\/ladernieredose.ca\/wp-content\/uploads\/2025\/11\/29-1.jpg\u00a0\u00bb alt=\u00a0\u00bbA drawing of a man with a hat on his head\u00a0\u00bb title_text=\u00a0\u00bb29-1&Prime; align_tablet=\u00a0\u00bbcenter\u00a0\u00bb align_phone=\u00a0\u00bb\u00a0\u00bb align_last_edited=\u00a0\u00bbon|desktop\u00a0\u00bb _builder_version=\u00a0\u00bb4.27.4&Prime; height=\u00a0\u00bb547px\u00a0\u00bb custom_padding=\u00a0\u00bb||2px|||\u00a0\u00bb box_shadow_style=\u00a0\u00bbpreset1&Prime; box_shadow_vertical=\u00a0\u00bb10px\u00a0\u00bb box_shadow_blur=\u00a0\u00bb40px\u00a0\u00bb always_center_on_mobile=\u00a0\u00bbon\u00a0\u00bb global_colors_info=\u00a0\u00bb{}\u00a0\u00bb]<\/p>\n<p>\u00a0<\/p>\n<p>[\/et_pb_image][et_pb_text _builder_version=\u00a0\u00bb4.27.4&Prime; text_font=\u00a0\u00bb|700|||||||\u00a0\u00bb custom_padding=\u00a0\u00bb15px|||25px\u00a0\u00bb global_colors_info=\u00a0\u00bb{}\u00a0\u00bb]<\/p>\n<p>Informations et soutien selon les troubles mentaux<\/p>\n<p>[\/et_pb_text][et_pb_text _builder_version=\u00a0\u00bb4.27.4&Prime; text_font=\u00a0\u00bb||||||||\u00a0\u00bb text_line_height=\u00a0\u00bb1.6em\u00a0\u00bb custom_padding=\u00a0\u00bb|25px|2px|25px||\u00a0\u00bb global_colors_info=\u00a0\u00bb{}\u00a0\u00bb]<\/p>\n<p><a href=\"https:\/\/relief.ca\/accueil\">Troubles anxieux<\/a><\/p>\n<p><a href=\"https:\/\/www.phobies-zero.qc.ca\/\">Troubles anxieux et TOC<\/a><\/p>\n<p><a href=\"https:\/\/attentiondeficit-info.com\/a-propos\/\">TDAH<\/a><\/p>\n<p><a href=\"https:\/\/relief.ca\/\">Trouble de l&rsquo;humeur<\/a><\/p>\n<p><a href=\"https:\/\/anebquebec.com\/\">Troubles des conduites alimentaires<\/a><\/p>\n<p><a href=\"https:\/\/trauma.criusmm.net\/\">Trouble de stress post-traumatique<\/a><\/p>\n<p><a href=\"https:\/\/www.schizophrenie.qc.ca\/fr\/\">Troubles psychotiques<\/a><\/p>\n<p>&nbsp;<\/p>\n<p>[\/et_pb_text][\/et_pb_column][et_pb_column type=\u00a0\u00bb1_3&Prime; _builder_version=\u00a0\u00bb4.16&Prime; background_color=\u00a0\u00bb#ffffff\u00a0\u00bb custom_padding=\u00a0\u00bb|||\u00a0\u00bb global_colors_info=\u00a0\u00bb{}\u00a0\u00bb custom_padding__hover=\u00a0\u00bb|||\u00a0\u00bb][et_pb_image src=\u00a0\u00bbhttps:\/\/ladernieredose.ca\/wp-content\/uploads\/2025\/11\/apa843frizi-1.jpg\u00a0\u00bb alt=\u00a0\u00bbperson in black long sleeve shirt holding babys feet\u00a0\u00bb title_text=\u00a0\u00bbPhoto by Priscilla Du Preez \ud83c\udde8\ud83c\udde6\u00a0\u00bb align_tablet=\u00a0\u00bbcenter\u00a0\u00bb align_phone=\u00a0\u00bb\u00a0\u00bb align_last_edited=\u00a0\u00bbon|desktop\u00a0\u00bb _builder_version=\u00a0\u00bb4.27.4&Prime; height=\u00a0\u00bb547px\u00a0\u00bb custom_margin=\u00a0\u00bb0px||||false|false\u00a0\u00bb custom_padding=\u00a0\u00bb0px||0px||false|false\u00a0\u00bb box_shadow_style=\u00a0\u00bbpreset1&Prime; box_shadow_vertical=\u00a0\u00bb10px\u00a0\u00bb box_shadow_blur=\u00a0\u00bb40px\u00a0\u00bb always_center_on_mobile=\u00a0\u00bbon\u00a0\u00bb global_colors_info=\u00a0\u00bb{}\u00a0\u00bb]<\/p>\n<p>\u00a0<\/p>\n<p>[\/et_pb_image][et_pb_text _builder_version=\u00a0\u00bb4.27.4&Prime; text_font=\u00a0\u00bb|700|||||||\u00a0\u00bb custom_padding=\u00a0\u00bb15px|||25px\u00a0\u00bb global_colors_info=\u00a0\u00bb{}\u00a0\u00bb]<\/p>\n<p>Soutien pour les proches des personnes pr\u00e9sentant un trouble mental<\/p>\n<p>[\/et_pb_text][et_pb_text _builder_version=\u00a0\u00bb4.27.4&Prime; text_font=\u00a0\u00bb||||||||\u00a0\u00bb text_line_height=\u00a0\u00bb1.6em\u00a0\u00bb custom_margin=\u00a0\u00bb||29px|||\u00a0\u00bb custom_padding=\u00a0\u00bb|25px|15px|25px\u00a0\u00bb global_colors_info=\u00a0\u00bb{}\u00a0\u00bb]<\/p>\n<p><a href=\"https:\/\/www.teljeunes.com\/fr\/parents\">Ligne parents<\/a><\/p>\n<p><a href=\"https:\/\/associationpanda.qc.ca\/\">Association PANDA<\/a><\/p>\n<p><a href=\"https:\/\/www.capsantementale.ca\/portail-information\/\">Cap-Sant\u00e9 mentale<\/a><\/p>\n<p><a href=\"https:\/\/www.arborescence.quebec\/pairs-aidants-famille\">Pair.e.s aidant.e.s famille<\/a><\/p>\n<p>[\/et_pb_text][\/et_pb_column][\/et_pb_row][\/et_pb_section][et_pb_section fb_built=\u00a0\u00bb1&Prime; specialty=\u00a0\u00bbon\u00a0\u00bb _builder_version=\u00a0\u00bb4.27.4&Prime; background_color=\u00a0\u00bb#5600b2&Prime; animation_direction=\u00a0\u00bbbottom\u00a0\u00bb global_colors_info=\u00a0\u00bb{}\u00a0\u00bb][et_pb_column type=\u00a0\u00bb1_2&Prime; specialty_columns=\u00a0\u00bb2&Prime; _builder_version=\u00a0\u00bb4.16&Prime; custom_padding=\u00a0\u00bb|||\u00a0\u00bb global_colors_info=\u00a0\u00bb{}\u00a0\u00bb custom_padding__hover=\u00a0\u00bb|||\u00a0\u00bb][et_pb_row_inner admin_label=\u00a0\u00bbRow\u00a0\u00bb _builder_version=\u00a0\u00bb4.16&Prime; animation_style=\u00a0\u00bbslide\u00a0\u00bb animation_direction=\u00a0\u00bbbottom\u00a0\u00bb global_colors_info=\u00a0\u00bb{}\u00a0\u00bb][et_pb_column_inner saved_specialty_column_type=\u00a0\u00bb1_2&Prime; _builder_version=\u00a0\u00bb4.16&Prime; custom_padding=\u00a0\u00bb|||\u00a0\u00bb global_colors_info=\u00a0\u00bb{}\u00a0\u00bb custom_padding__hover=\u00a0\u00bb|||\u00a0\u00bb][et_pb_text _builder_version=\u00a0\u00bb4.27.4&Prime; header_3_font=\u00a0\u00bb|700|||||||\u00a0\u00bb header_3_font_size=\u00a0\u00bb20px\u00a0\u00bb background_layout=\u00a0\u00bbdark\u00a0\u00bb animation_direction=\u00a0\u00bbbottom\u00a0\u00bb global_colors_info=\u00a0\u00bb{}\u00a0\u00bb]<\/p>\n<h3>Liens rapides<\/h3>\n<p>[\/et_pb_text][et_pb_divider color=\u00a0\u00bb#329fd3&Prime; _builder_version=\u00a0\u00bb4.16&Prime; animation_direction=\u00a0\u00bbbottom\u00a0\u00bb global_colors_info=\u00a0\u00bb{}\u00a0\u00bb][\/et_pb_divider][\/et_pb_column_inner][\/et_pb_row_inner][et_pb_row_inner admin_label=\u00a0\u00bbRow\u00a0\u00bb _builder_version=\u00a0\u00bb4.16&Prime; custom_margin=\u00a0\u00bb|||\u00a0\u00bb custom_padding=\u00a0\u00bb0px|||\u00a0\u00bb animation_style=\u00a0\u00bbslide\u00a0\u00bb animation_direction=\u00a0\u00bbbottom\u00a0\u00bb global_colors_info=\u00a0\u00bb{}\u00a0\u00bb][et_pb_column_inner saved_specialty_column_type=\u00a0\u00bb1_2&Prime; _builder_version=\u00a0\u00bb4.16&Prime; custom_padding=\u00a0\u00bb|||\u00a0\u00bb global_colors_info=\u00a0\u00bb{}\u00a0\u00bb custom_padding__hover=\u00a0\u00bb|||\u00a0\u00bb][et_pb_text _builder_version=\u00a0\u00bb4.27.4&Prime; text_font=\u00a0\u00bbInter Tight||||||||\u00a0\u00bb background_layout=\u00a0\u00bbdark\u00a0\u00bb global_colors_info=\u00a0\u00bb{}\u00a0\u00bb]<\/p>\n<p><a href=\"https:\/\/ladernieredose.ca\/?page_id=10108&amp;preview=true\">Politique de confidentialit\u00e9<\/a><\/p>\n<p><a href=\"https:\/\/ladernieredose.ca\/?page_id=10120&amp;preview=true\">Politique des cookies<\/a><\/p>\n<p><a href=\"https:\/\/ladernieredose.ca\/?page_id=10115&amp;preview=true\">Conditions d&rsquo;utilisation<\/a><\/p>\n<p>[\/et_pb_text][\/et_pb_column_inner][\/et_pb_row_inner][\/et_pb_column][et_pb_column type=\u00a0\u00bb1_4&Prime; _builder_version=\u00a0\u00bb4.16&Prime; custom_padding=\u00a0\u00bb|||\u00a0\u00bb global_colors_info=\u00a0\u00bb{}\u00a0\u00bb custom_padding__hover=\u00a0\u00bb|||\u00a0\u00bb][et_pb_text _builder_version=\u00a0\u00bb4.27.4&Prime; text_font=\u00a0\u00bb&#8211;et_global_heading_font||||||||\u00a0\u00bb header_3_font=\u00a0\u00bb|700|||||||\u00a0\u00bb header_3_font_size=\u00a0\u00bb20px\u00a0\u00bb background_layout=\u00a0\u00bbdark\u00a0\u00bb animation_style=\u00a0\u00bbslide\u00a0\u00bb animation_direction=\u00a0\u00bbbottom\u00a0\u00bb global_colors_info=\u00a0\u00bb{}\u00a0\u00bb]<\/p>\n<h3>Localisation<\/h3>\n<p>[\/et_pb_text][et_pb_divider color=\u00a0\u00bb#329fd3&Prime; _builder_version=\u00a0\u00bb4.16&Prime; animation_style=\u00a0\u00bbslide\u00a0\u00bb animation_direction=\u00a0\u00bbbottom\u00a0\u00bb global_colors_info=\u00a0\u00bb{}\u00a0\u00bb][\/et_pb_divider][et_pb_text _builder_version=\u00a0\u00bb4.27.4&Prime; text_font=\u00a0\u00bbInter Tight||||||||\u00a0\u00bb background_layout=\u00a0\u00bbdark\u00a0\u00bb animation_style=\u00a0\u00bbslide\u00a0\u00bb animation_direction=\u00a0\u00bbbottom\u00a0\u00bb global_colors_info=\u00a0\u00bb{}\u00a0\u00bb]<\/p>\n<p>Bas-Saguenay, Qu\u00e9bec<\/p>\n<p>[\/et_pb_text][et_pb_social_media_follow url_new_window=\u00a0\u00bboff\u00a0\u00bb _builder_version=\u00a0\u00bb4.27.4&Prime; text_orientation=\u00a0\u00bbleft\u00a0\u00bb background_layout=\u00a0\u00bbdark\u00a0\u00bb border_width_all=\u00a0\u00bb1px\u00a0\u00bb border_color_all=\u00a0\u00bb#ffffff\u00a0\u00bb global_colors_info=\u00a0\u00bb{}\u00a0\u00bb][et_pb_social_media_follow_network social_network=\u00a0\u00bbfacebook\u00a0\u00bb url=\u00a0\u00bbhttps:\/\/www.facebook.com\/profile.php?id=61576187865274&Prime; _builder_version=\u00a0\u00bb4.27.4&Prime; background_color=\u00a0\u00bbrgba(59,89,152,0)\u00a0\u00bb global_colors_info=\u00a0\u00bb{}\u00a0\u00bb follow_button=\u00a0\u00bboff\u00a0\u00bb url_new_window=\u00a0\u00bboff\u00a0\u00bb]Facebook<br \/>\n[\/et_pb_social_media_follow_network][et_pb_social_media_follow_network social_network=\u00a0\u00bbinstagram\u00a0\u00bb _builder_version=\u00a0\u00bb4.27.4&Prime; _module_preset=\u00a0\u00bbdefault\u00a0\u00bb background_color=\u00a0\u00bb#ea2c59&Prime; global_colors_info=\u00a0\u00bb{}\u00a0\u00bb follow_button=\u00a0\u00bboff\u00a0\u00bb url_new_window=\u00a0\u00bboff\u00a0\u00bb]instagram[\/et_pb_social_media_follow_network][\/et_pb_social_media_follow][\/et_pb_column][et_pb_column type=\u00a0\u00bb1_4&Prime; _builder_version=\u00a0\u00bb4.16&Prime; custom_padding=\u00a0\u00bb|||\u00a0\u00bb global_colors_info=\u00a0\u00bb{}\u00a0\u00bb custom_padding__hover=\u00a0\u00bb|||\u00a0\u00bb][et_pb_text _builder_version=\u00a0\u00bb4.16&Prime; header_3_font=\u00a0\u00bb|700|||||||\u00a0\u00bb header_3_font_size=\u00a0\u00bb20px\u00a0\u00bb background_layout=\u00a0\u00bbdark\u00a0\u00bb animation_style=\u00a0\u00bbslide\u00a0\u00bb animation_direction=\u00a0\u00bbbottom\u00a0\u00bb global_colors_info=\u00a0\u00bb{}\u00a0\u00bb]<\/p>\n<h3>Contact<\/h3>\n<p>[\/et_pb_text][et_pb_divider color=\u00a0\u00bb#329fd3&Prime; _builder_version=\u00a0\u00bb4.16&Prime; animation_style=\u00a0\u00bbslide\u00a0\u00bb animation_direction=\u00a0\u00bbbottom\u00a0\u00bb global_colors_info=\u00a0\u00bb{}\u00a0\u00bb][\/et_pb_divider][et_pb_blurb title=\u00a0\u00bbcontact@ladernieredose.ca\u00a0\u00bb use_icon=\u00a0\u00bbon\u00a0\u00bb font_icon=\u00a0\u00bb&#xe076;||divi||400&Prime; icon_color=\u00a0\u00bb#ffffff\u00a0\u00bb icon_placement=\u00a0\u00bbleft\u00a0\u00bb image_icon_width=\u00a0\u00bb22px\u00a0\u00bb _builder_version=\u00a0\u00bb4.27.4&Prime; header_font=\u00a0\u00bbInter Tight||||||||\u00a0\u00bb header_font_size=\u00a0\u00bb16px\u00a0\u00bb background_layout=\u00a0\u00bbdark\u00a0\u00bb custom_margin=\u00a0\u00bb||20px|\u00a0\u00bb animation_style=\u00a0\u00bbslide\u00a0\u00bb animation_direction=\u00a0\u00bbbottom\u00a0\u00bb animation=\u00a0\u00bboff\u00a0\u00bb icon_font_size=\u00a0\u00bb22px\u00a0\u00bb global_colors_info=\u00a0\u00bb{}\u00a0\u00bb][\/et_pb_blurb][\/et_pb_column][\/et_pb_section]<\/p>\n","protected":false},"excerpt":{"rendered":"<p>Sant\u00e9 mentale : ce qui reste dans l&rsquo;ombre\u00a0Comprendre les troubles mentaux\u00a0Un trouble mental regroupe diff\u00e9rentes difficult\u00e9s qui touchent la pens\u00e9e, les \u00e9motions ou le comportement. Ces difficult\u00e9s provoquent de la souffrance et nuisent au fonctionnement quotidien. Elles peuvent toucher toute personne, peu importe l\u2019\u00e2ge ou le sexe. Certaines durent peu de temps. D\u2019autres restent pr\u00e9sentes [&hellip;]<\/p>\n","protected":false},"author":1,"featured_media":0,"parent":0,"menu_order":0,"comment_status":"closed","ping_status":"closed","template":"","meta":{"_et_pb_use_builder":"on","_et_pb_old_content":"","_et_gb_content_width":"","footnotes":""},"class_list":["post-9823","page","type-page","status-publish","hentry"],"_links":{"self":[{"href":"https:\/\/ladernieredose.ca\/index.php?rest_route=\/wp\/v2\/pages\/9823","targetHints":{"allow":["GET"]}}],"collection":[{"href":"https:\/\/ladernieredose.ca\/index.php?rest_route=\/wp\/v2\/pages"}],"about":[{"href":"https:\/\/ladernieredose.ca\/index.php?rest_route=\/wp\/v2\/types\/page"}],"author":[{"embeddable":true,"href":"https:\/\/ladernieredose.ca\/index.php?rest_route=\/wp\/v2\/users\/1"}],"replies":[{"embeddable":true,"href":"https:\/\/ladernieredose.ca\/index.php?rest_route=%2Fwp%2Fv2%2Fcomments&post=9823"}],"version-history":[{"count":29,"href":"https:\/\/ladernieredose.ca\/index.php?rest_route=\/wp\/v2\/pages\/9823\/revisions"}],"predecessor-version":[{"id":240378,"href":"https:\/\/ladernieredose.ca\/index.php?rest_route=\/wp\/v2\/pages\/9823\/revisions\/240378"}],"wp:attachment":[{"href":"https:\/\/ladernieredose.ca\/index.php?rest_route=%2Fwp%2Fv2%2Fmedia&parent=9823"}],"curies":[{"name":"wp","href":"https:\/\/api.w.org\/{rel}","templated":true}]}}